{"id":9269,"date":"2024-02-27T08:56:44","date_gmt":"2024-02-27T11:56:44","guid":{"rendered":"http:\/\/www.ucse.edu.ar\/notiucse\/?page_id=9269"},"modified":"2025-05-13T19:54:32","modified_gmt":"2025-05-13T22:54:32","slug":"inicio","status":"publish","type":"page","link":"https:\/\/www.ucse.edu.ar\/notiucse\/","title":{"rendered":"Inicio"},"content":{"rendered":"\t\t<div data-elementor-type=\"wp-page\" data-elementor-id=\"9269\" class=\"elementor elementor-9269\" data-elementor-post-type=\"page\">\n\t\t\t\t<div class=\"elementor-element elementor-element-2fa7e4d e-flex e-con-boxed e-con e-parent\" data-id=\"2fa7e4d\" data-element_type=\"container\">\n\t\t\t\t\t<div class=\"e-con-inner\">\n\t\t\t\t<div class=\"elementor-element elementor-element-af289bf elementor-widget elementor-widget-spacer\" data-id=\"af289bf\" data-element_type=\"widget\" data-widget_type=\"spacer.default\">\n\t\t\t\t<div class=\"elementor-widget-container\">\n\t\t\t\t\t<div class=\"elementor-spacer\">\n\t\t\t<div class=\"elementor-spacer-inner\"><\/div>\n\t\t<\/div>\n\t\t\t\t<\/div>\n\t\t\t\t<\/div>\n\t\t\t\t\t<\/div>\n\t\t\t\t<\/div>\n\t\t\t\t<section class=\"elementor-section elementor-top-section elementor-element elementor-element-fd08ce0 elementor-section-boxed elementor-section-height-default elementor-section-height-default\" data-id=\"fd08ce0\" data-element_type=\"section\">\n\t\t\t\t\t\t<div class=\"elementor-container elementor-column-gap-extended\">\n\t\t\t\t\t<div class=\"elementor-column elementor-col-50 elementor-top-column elementor-element elementor-element-a95ba18 elementor-invisible\" data-id=\"a95ba18\" data-element_type=\"column\" data-settings=\"{&quot;animation&quot;:&quot;fadeIn&quot;,&quot;animation_delay&quot;:100}\">\n\t\t\t<div class=\"elementor-widget-wrap elementor-element-populated\">\n\t\t\t\t\t\t<div class=\"elementor-element elementor-element-7aebe05 equal-height-true border-vert-true hide-last-border-true elementor-widget elementor-widget-wp-post-modules-el\" data-id=\"7aebe05\" data-element_type=\"widget\" data-widget_type=\"wp-post-modules-el.default\">\n\t\t\t\t<div class=\"elementor-widget-container\">\n\t\t\t<div class=\"wppm wppm-grid s1 columns-1 columns_tablet-1\"><article  class=\"wppm-el-post 12978 post-12978 post type-post status-publish format-standard has-post-thumbnail hentry category-extension category-sede-sgo tag-coroucse\"><div class=\"wppm-post-wrap\"><div class=\"post-img\"><a href=\"https:\/\/www.ucse.edu.ar\/notiucse\/2026\/04\/30\/el-coro-de-camara-de-la-ucse-presenta-su-primer-concierto-del-ano-con-un-repertorio-gospel\/\" title=\"El coro de C\u00e1mara de la UCSE presenta su primer concierto del a\u00f1o con un repertorio gospel\"><img fetchpriority=\"high\" decoding=\"async\" width=\"600\" height=\"500\" src=\"https:\/\/www.ucse.edu.ar\/notiucse\/wp-content\/uploads\/2026\/04\/WhatsApp-Image-2026-04-30-at-19.21.32.jpeg\" class=\"attachment-600x500xtruextruex90x size-600x500xtruextruex90x wp-post-image\" alt=\"\" \/><\/a><\/div><div class=\"entry-content\"><aside class=\"meta-row cat-row\"><div class=\"meta-col\"><ul class=\"post-cats\"><li><a class=\"cat-extension\" href=\"https:\/\/www.ucse.edu.ar\/notiucse\/category\/extension\/\">Extensi\u00f3n<\/a><\/li><\/ul><\/div><\/aside><h2 class=\"entry-title\"><a href=\"https:\/\/www.ucse.edu.ar\/notiucse\/2026\/04\/30\/el-coro-de-camara-de-la-ucse-presenta-su-primer-concierto-del-ano-con-un-repertorio-gospel\/\" title=\"El coro de C\u00e1mara de la UCSE presenta su primer concierto del a\u00f1o con un repertorio gospel\">El coro de C\u00e1mara de la UCSE presenta su primer concierto del a\u00f1o con un repertorio gospel<\/a><\/h2><p class=\"post-text\">El coro de C\u00e1mara de la UCSE dar\u00e1 inicio a su temporada 2026 con un concierto dedicado al g\u00e9nero gospel, una propuesta musical que invita a \u201cvibrar con la fuerza&hellip;<\/p><\/div><aside class=\"meta-row row-3\"><div class=\"meta-col\"><ul class=\"entry-meta\"><li class=\"post-time schema-only\"><time class=\"entry-date\" datetime=\"2026-04-30T20:25:31-03:00\">abril 30, 2026<\/time><\/li><li class=\"post-author schema-only\"><span class=\"screen-reader-text\">Author <\/span><a href=\"https:\/\/www.ucse.edu.ar\/notiucse\/author\/sebastianrafael-lopez\/\">Sebasti\u00e1n Rafael L\u00f3pez<\/a><\/li><\/ul><\/div><\/aside><\/div><\/article><\/div>\t\t<\/div>\n\t\t\t\t<\/div>\n\t\t\t\t\t<\/div>\n\t\t<\/div>\n\t\t\t\t<div class=\"elementor-column elementor-col-50 elementor-top-column elementor-element elementor-element-01e607a elementor-invisible\" data-id=\"01e607a\" data-element_type=\"column\" data-settings=\"{&quot;animation&quot;:&quot;fadeIn&quot;,&quot;animation_delay&quot;:200}\">\n\t\t\t<div class=\"elementor-widget-wrap elementor-element-populated\">\n\t\t\t\t\t\t<div class=\"elementor-element elementor-element-e3404f3 hide-last-border-true elementor-widget elementor-widget-wp-post-modules-el\" data-id=\"e3404f3\" data-element_type=\"widget\" data-widget_type=\"wp-post-modules-el.default\">\n\t\t\t\t<div class=\"elementor-widget-container\">\n\t\t\t<div class=\"wppm wppm-grid s1 columns-2\"><article  class=\"wppm-el-post 12967 post-12967 post type-post status-publish format-standard has-post-thumbnail hentry category-fcpid category-sede-sgo tag-alumnosucse tag-fcid tag-higieneyseguridad\"><div class=\"wppm-post-wrap\"><div class=\"post-img\"><a href=\"https:\/\/www.ucse.edu.ar\/notiucse\/2026\/04\/30\/la-ucse-realizara-una-charla-sobre-seguridad-laboral-como-cultura-compartida\/\" title=\"La UCSE realizar\u00e1 una charla sobre seguridad laboral como cultura compartida\"><img decoding=\"async\" width=\"300\" height=\"200\" src=\"https:\/\/www.ucse.edu.ar\/notiucse\/wp-content\/uploads\/2026\/04\/5752.jpg\" class=\"attachment-300x200xtruextruex90x size-300x200xtruextruex90x wp-post-image\" alt=\"\" srcset=\"https:\/\/www.ucse.edu.ar\/notiucse\/wp-content\/uploads\/2026\/04\/5752.jpg 2000w, https:\/\/www.ucse.edu.ar\/notiucse\/wp-content\/uploads\/2026\/04\/5752-300x200.jpg 300w, https:\/\/www.ucse.edu.ar\/notiucse\/wp-content\/uploads\/2026\/04\/5752-1024x682.jpg 1024w, https:\/\/www.ucse.edu.ar\/notiucse\/wp-content\/uploads\/2026\/04\/5752-768x512.jpg 768w, https:\/\/www.ucse.edu.ar\/notiucse\/wp-content\/uploads\/2026\/04\/5752-1536x1024.jpg 1536w, https:\/\/www.ucse.edu.ar\/notiucse\/wp-content\/uploads\/2026\/04\/5752-750x500.jpg 750w, https:\/\/www.ucse.edu.ar\/notiucse\/wp-content\/uploads\/2026\/04\/5752-1140x760.jpg 1140w\" sizes=\"(max-width: 300px) 100vw, 300px\" \/><\/a><\/div><div class=\"entry-content\"><aside class=\"meta-row cat-row\"><div class=\"meta-col\"><ul class=\"post-cats\"><li><a class=\"cat-fcpid\" href=\"https:\/\/www.ucse.edu.ar\/notiucse\/category\/facultades\/fcpid\/\">Facultad de Ciencias para la Innovaci\u00f3n y el Desarrollo<\/a><\/li><\/ul><\/div><\/aside><h2 class=\"entry-title\"><a href=\"https:\/\/www.ucse.edu.ar\/notiucse\/2026\/04\/30\/la-ucse-realizara-una-charla-sobre-seguridad-laboral-como-cultura-compartida\/\" title=\"La UCSE realizar\u00e1 una charla sobre seguridad laboral como cultura compartida\">La UCSE realizar\u00e1 una charla sobre seguridad laboral como cultura compartida<\/a><\/h2><\/div><aside class=\"meta-row row-3 schema-only\"><div class=\"meta-col\"><ul class=\"entry-meta\"><li class=\"post-time schema-only\"><time class=\"entry-date\" datetime=\"2026-04-30T10:26:09-03:00\">abril 30, 2026<\/time><\/li><li class=\"post-author schema-only\"><span class=\"screen-reader-text\">Author <\/span><a href=\"https:\/\/www.ucse.edu.ar\/notiucse\/author\/sebastianrafael-lopez\/\">Sebasti\u00e1n Rafael L\u00f3pez<\/a><\/li><\/ul><\/div><\/aside><\/div><\/article><article  class=\"wppm-el-post 12957 post-12957 post type-post status-publish format-standard has-post-thumbnail hentry category-biblioteca category-sede-sgo\"><div class=\"wppm-post-wrap\"><div class=\"post-img\"><a href=\"https:\/\/www.ucse.edu.ar\/notiucse\/2026\/04\/29\/cita-con-el-arte-santiagueno-camara-de-arte-la-bohardilla-y-area-de-graduados-fcpsyj-invitan-al-muc-ucse\/\" title=\"Cita con el arte santiague\u00f1o: C\u00e1mara de Arte La Bohardilla y \u00c1rea de Graduados FCPSyJ invitan al MUC UCSE\"><img decoding=\"async\" width=\"300\" height=\"200\" src=\"https:\/\/www.ucse.edu.ar\/notiucse\/wp-content\/uploads\/2026\/04\/IMG_0853-1-scaled.jpg\" class=\"attachment-300x200xtruextruex90x size-300x200xtruextruex90x wp-post-image\" alt=\"\" srcset=\"https:\/\/www.ucse.edu.ar\/notiucse\/wp-content\/uploads\/2026\/04\/IMG_0853-1-scaled.jpg 2560w, https:\/\/www.ucse.edu.ar\/notiucse\/wp-content\/uploads\/2026\/04\/IMG_0853-1-300x200.jpg 300w, https:\/\/www.ucse.edu.ar\/notiucse\/wp-content\/uploads\/2026\/04\/IMG_0853-1-1024x683.jpg 1024w, https:\/\/www.ucse.edu.ar\/notiucse\/wp-content\/uploads\/2026\/04\/IMG_0853-1-768x512.jpg 768w, https:\/\/www.ucse.edu.ar\/notiucse\/wp-content\/uploads\/2026\/04\/IMG_0853-1-1536x1024.jpg 1536w, https:\/\/www.ucse.edu.ar\/notiucse\/wp-content\/uploads\/2026\/04\/IMG_0853-1-2048x1365.jpg 2048w, https:\/\/www.ucse.edu.ar\/notiucse\/wp-content\/uploads\/2026\/04\/IMG_0853-1-750x500.jpg 750w, https:\/\/www.ucse.edu.ar\/notiucse\/wp-content\/uploads\/2026\/04\/IMG_0853-1-1140x760.jpg 1140w\" sizes=\"(max-width: 300px) 100vw, 300px\" \/><\/a><\/div><div class=\"entry-content\"><aside class=\"meta-row cat-row\"><div class=\"meta-col\"><ul class=\"post-cats\"><li><a class=\"cat-biblioteca\" href=\"https:\/\/www.ucse.edu.ar\/notiucse\/category\/biblioteca\/\">Biblioteca<\/a><\/li><\/ul><\/div><\/aside><h2 class=\"entry-title\"><a href=\"https:\/\/www.ucse.edu.ar\/notiucse\/2026\/04\/29\/cita-con-el-arte-santiagueno-camara-de-arte-la-bohardilla-y-area-de-graduados-fcpsyj-invitan-al-muc-ucse\/\" title=\"Cita con el arte santiague\u00f1o: C\u00e1mara de Arte La Bohardilla y \u00c1rea de Graduados FCPSyJ invitan al MUC UCSE\">Cita con el arte santiague\u00f1o: C\u00e1mara de Arte La Bohardilla y \u00c1rea de Graduados FCPSyJ invitan al MUC UCSE<\/a><\/h2><\/div><aside class=\"meta-row row-3 schema-only\"><div class=\"meta-col\"><ul class=\"entry-meta\"><li class=\"post-time schema-only\"><time class=\"entry-date\" datetime=\"2026-04-29T10:15:26-03:00\">abril 29, 2026<\/time><\/li><li class=\"post-author schema-only\"><span class=\"screen-reader-text\">Author <\/span><a href=\"https:\/\/www.ucse.edu.ar\/notiucse\/author\/iaramelina-yocca\/\">Iara Melina Yocca<\/a><\/li><\/ul><\/div><\/aside><\/div><\/article><article  class=\"wppm-el-post 12954 post-12954 post type-post status-publish format-standard has-post-thumbnail hentry category-institucionales category-sede-sgo tag-colaciondegrados\"><div class=\"wppm-post-wrap\"><div class=\"post-img\"><a href=\"https:\/\/www.ucse.edu.ar\/notiucse\/2026\/04\/29\/la-ucse-celebro-su-lxxii-colacion-de-grado-en-una-noche-cargada-de-emocion\/\" title=\"La UCSE celebr\u00f3 su LXXII Colaci\u00f3n de Grado en una noche cargada de emoci\u00f3n\"><img loading=\"lazy\" decoding=\"async\" width=\"300\" height=\"200\" src=\"https:\/\/www.ucse.edu.ar\/notiucse\/wp-content\/uploads\/2026\/04\/IMG_2128.jpg\" class=\"attachment-300x200xtruextruex90x size-300x200xtruextruex90x wp-post-image\" alt=\"\" srcset=\"https:\/\/www.ucse.edu.ar\/notiucse\/wp-content\/uploads\/2026\/04\/IMG_2128.jpg 1666w, https:\/\/www.ucse.edu.ar\/notiucse\/wp-content\/uploads\/2026\/04\/IMG_2128-300x200.jpg 300w, https:\/\/www.ucse.edu.ar\/notiucse\/wp-content\/uploads\/2026\/04\/IMG_2128-1024x683.jpg 1024w, https:\/\/www.ucse.edu.ar\/notiucse\/wp-content\/uploads\/2026\/04\/IMG_2128-768x512.jpg 768w, https:\/\/www.ucse.edu.ar\/notiucse\/wp-content\/uploads\/2026\/04\/IMG_2128-1536x1024.jpg 1536w, https:\/\/www.ucse.edu.ar\/notiucse\/wp-content\/uploads\/2026\/04\/IMG_2128-750x500.jpg 750w, https:\/\/www.ucse.edu.ar\/notiucse\/wp-content\/uploads\/2026\/04\/IMG_2128-1140x760.jpg 1140w\" sizes=\"(max-width: 300px) 100vw, 300px\" \/><\/a><\/div><div class=\"entry-content\"><aside class=\"meta-row cat-row\"><div class=\"meta-col\"><ul class=\"post-cats\"><li><a class=\"cat-institucionales\" href=\"https:\/\/www.ucse.edu.ar\/notiucse\/category\/institucionales\/\">Institucionales<\/a><\/li><\/ul><\/div><\/aside><h2 class=\"entry-title\"><a href=\"https:\/\/www.ucse.edu.ar\/notiucse\/2026\/04\/29\/la-ucse-celebro-su-lxxii-colacion-de-grado-en-una-noche-cargada-de-emocion\/\" title=\"La UCSE celebr\u00f3 su LXXII Colaci\u00f3n de Grado en una noche cargada de emoci\u00f3n\">La UCSE celebr\u00f3 su LXXII Colaci\u00f3n de Grado en una noche cargada de emoci\u00f3n<\/a><\/h2><\/div><aside class=\"meta-row row-3 schema-only\"><div class=\"meta-col\"><ul class=\"entry-meta\"><li class=\"post-time schema-only\"><time class=\"entry-date\" datetime=\"2026-04-29T10:08:02-03:00\">abril 29, 2026<\/time><\/li><li class=\"post-author schema-only\"><span class=\"screen-reader-text\">Author <\/span><a href=\"https:\/\/www.ucse.edu.ar\/notiucse\/author\/iaramelina-yocca\/\">Iara Melina Yocca<\/a><\/li><\/ul><\/div><\/aside><\/div><\/article><article  class=\"wppm-el-post 12951 post-12951 post type-post status-publish format-standard has-post-thumbnail hentry category-fcpsyj category-sede-sgo tag-fcpsyj-2 tag-institutodebiomedicina\"><div class=\"wppm-post-wrap\"><div class=\"post-img\"><a href=\"https:\/\/www.ucse.edu.ar\/notiucse\/2026\/04\/29\/la-fcpsyj-y-el-instituto-de-biomedicina-proyectan-nuevas-propuestas-interdisciplinarias\/\" title=\"La FCPSyJ y el Instituto de Biomedicina proyectan nuevas propuestas interdisciplinarias\"><img loading=\"lazy\" decoding=\"async\" width=\"300\" height=\"200\" src=\"https:\/\/www.ucse.edu.ar\/notiucse\/wp-content\/uploads\/2026\/04\/image008-scaled.jpg\" class=\"attachment-300x200xtruextruex90x size-300x200xtruextruex90x wp-post-image\" alt=\"\" srcset=\"https:\/\/www.ucse.edu.ar\/notiucse\/wp-content\/uploads\/2026\/04\/image008-scaled.jpg 2560w, https:\/\/www.ucse.edu.ar\/notiucse\/wp-content\/uploads\/2026\/04\/image008-300x200.jpg 300w, https:\/\/www.ucse.edu.ar\/notiucse\/wp-content\/uploads\/2026\/04\/image008-1024x683.jpg 1024w, https:\/\/www.ucse.edu.ar\/notiucse\/wp-content\/uploads\/2026\/04\/image008-768x512.jpg 768w, https:\/\/www.ucse.edu.ar\/notiucse\/wp-content\/uploads\/2026\/04\/image008-1536x1024.jpg 1536w, https:\/\/www.ucse.edu.ar\/notiucse\/wp-content\/uploads\/2026\/04\/image008-2048x1365.jpg 2048w, https:\/\/www.ucse.edu.ar\/notiucse\/wp-content\/uploads\/2026\/04\/image008-750x500.jpg 750w, https:\/\/www.ucse.edu.ar\/notiucse\/wp-content\/uploads\/2026\/04\/image008-1140x760.jpg 1140w\" sizes=\"(max-width: 300px) 100vw, 300px\" \/><\/a><\/div><div class=\"entry-content\"><aside class=\"meta-row cat-row\"><div class=\"meta-col\"><ul class=\"post-cats\"><li><a class=\"cat-fcpsyj\" href=\"https:\/\/www.ucse.edu.ar\/notiucse\/category\/facultades\/fcpsyj\/\">Facultad de Ciencias Pol\u00edticas, Sociales y Jur\u00eddicas<\/a><\/li><\/ul><\/div><\/aside><h2 class=\"entry-title\"><a href=\"https:\/\/www.ucse.edu.ar\/notiucse\/2026\/04\/29\/la-fcpsyj-y-el-instituto-de-biomedicina-proyectan-nuevas-propuestas-interdisciplinarias\/\" title=\"La FCPSyJ y el Instituto de Biomedicina proyectan nuevas propuestas interdisciplinarias\">La FCPSyJ y el Instituto de Biomedicina proyectan nuevas propuestas interdisciplinarias<\/a><\/h2><\/div><aside class=\"meta-row row-3 schema-only\"><div class=\"meta-col\"><ul class=\"entry-meta\"><li class=\"post-time schema-only\"><time class=\"entry-date\" datetime=\"2026-04-29T09:46:41-03:00\">abril 29, 2026<\/time><\/li><li class=\"post-author schema-only\"><span class=\"screen-reader-text\">Author <\/span><a href=\"https:\/\/www.ucse.edu.ar\/notiucse\/author\/iaramelina-yocca\/\">Iara Melina Yocca<\/a><\/li><\/ul><\/div><\/aside><\/div><\/article><\/div>\t\t<\/div>\n\t\t\t\t<\/div>\n\t\t\t\t\t<\/div>\n\t\t<\/div>\n\t\t\t\t\t<\/div>\n\t\t<\/section>\n\t\t\t\t<section class=\"elementor-section elementor-top-section elementor-element elementor-element-56eca14 elementor-section-boxed elementor-section-height-default elementor-section-height-default\" data-id=\"56eca14\" data-element_type=\"section\">\n\t\t\t\t\t\t<div class=\"elementor-container elementor-column-gap-extended\">\n\t\t\t\t\t<div class=\"elementor-column elementor-col-100 elementor-top-column elementor-element elementor-element-f6cfa89\" data-id=\"f6cfa89\" data-element_type=\"column\">\n\t\t\t<div class=\"elementor-widget-wrap elementor-element-populated\">\n\t\t\t\t\t\t<div class=\"elementor-element elementor-element-35de7bc wppm-animated post-effect-fadein elementor-invisible elementor-widget elementor-widget-wp-post-modules-el\" data-id=\"35de7bc\" data-element_type=\"widget\" data-settings=\"{&quot;_animation&quot;:&quot;fadeIn&quot;}\" data-widget_type=\"wp-post-modules-el.default\">\n\t\t\t\t<div class=\"elementor-widget-container\">\n\t\t\t<div class=\"wppm wppm-grid s1 columns-4\"><article  class=\"wppm-el-post 12945 post-12945 post type-post status-publish format-standard has-post-thumbnail hentry category-fcs category-sede-sgo tag-alumnosucse tag-fcs\"><div class=\"wppm-post-wrap\"><div class=\"post-img\"><a href=\"https:\/\/www.ucse.edu.ar\/notiucse\/2026\/04\/28\/se-realizo-en-la-ucse-un-conversatorio-sobre-donacion-voluntaria-de-sangre\/\" title=\"Se realiz\u00f3 en la UCSE un conversatorio sobre donaci\u00f3n voluntaria de Sangre\"><img loading=\"lazy\" decoding=\"async\" width=\"300\" height=\"200\" src=\"https:\/\/www.ucse.edu.ar\/notiucse\/wp-content\/uploads\/2026\/04\/image.png\" class=\"attachment-300x200xtruextruex90x size-300x200xtruextruex90x wp-post-image\" alt=\"\" \/><\/a><\/div><div class=\"entry-content\"><aside class=\"meta-row cat-row\"><div class=\"meta-col\"><ul class=\"post-cats\"><li><a class=\"cat-fcs\" href=\"https:\/\/www.ucse.edu.ar\/notiucse\/category\/facultades\/fcs\/\">Facultad de Ciencias de la Salud<\/a><\/li><\/ul><\/div><\/aside><h2 class=\"entry-title\"><a href=\"https:\/\/www.ucse.edu.ar\/notiucse\/2026\/04\/28\/se-realizo-en-la-ucse-un-conversatorio-sobre-donacion-voluntaria-de-sangre\/\" title=\"Se realiz\u00f3 en la UCSE un conversatorio sobre donaci\u00f3n voluntaria de Sangre\">Se realiz\u00f3 en la UCSE un conversatorio sobre donaci\u00f3n voluntaria de Sangre<\/a><\/h2><\/div><aside class=\"meta-row row-3 schema-only\"><div class=\"meta-col\"><ul class=\"entry-meta\"><li class=\"post-time schema-only\"><time class=\"entry-date\" datetime=\"2026-04-28T19:02:32-03:00\">3 d\u00edas ago<\/time><\/li><li class=\"post-author schema-only\"><span class=\"screen-reader-text\">Author <\/span><a href=\"https:\/\/www.ucse.edu.ar\/notiucse\/author\/sebastianrafael-lopez\/\">Sebasti\u00e1n Rafael L\u00f3pez<\/a><\/li><\/ul><\/div><\/aside><\/div><\/article><article  class=\"wppm-el-post 12939 post-12939 post type-post status-publish format-standard has-post-thumbnail hentry category-fcpid category-sede-sgo tag-comunicacionsocial tag-fcid\"><div class=\"wppm-post-wrap\"><div class=\"post-img\"><a href=\"https:\/\/www.ucse.edu.ar\/notiucse\/2026\/04\/28\/acuerdo-entre-ucse-y-cup-establece-nuevas-condiciones-para-continuar-estudios-en-comunicacion\/\" title=\"Acuerdo entre UCSE y CUP establece nuevas condiciones para continuar estudios en Comunicaci\u00f3n\"><img loading=\"lazy\" decoding=\"async\" width=\"300\" height=\"200\" src=\"https:\/\/www.ucse.edu.ar\/notiucse\/wp-content\/uploads\/2026\/04\/Captura-de-pantalla-2026-04-28-092631.png\" class=\"attachment-300x200xtruextruex90x size-300x200xtruextruex90x wp-post-image\" alt=\"\" \/><\/a><\/div><div class=\"entry-content\"><aside class=\"meta-row cat-row\"><div class=\"meta-col\"><ul class=\"post-cats\"><li><a class=\"cat-fcpid\" href=\"https:\/\/www.ucse.edu.ar\/notiucse\/category\/facultades\/fcpid\/\">Facultad de Ciencias para la Innovaci\u00f3n y el Desarrollo<\/a><\/li><\/ul><\/div><\/aside><h2 class=\"entry-title\"><a href=\"https:\/\/www.ucse.edu.ar\/notiucse\/2026\/04\/28\/acuerdo-entre-ucse-y-cup-establece-nuevas-condiciones-para-continuar-estudios-en-comunicacion\/\" title=\"Acuerdo entre UCSE y CUP establece nuevas condiciones para continuar estudios en Comunicaci\u00f3n\">Acuerdo entre UCSE y CUP establece nuevas condiciones para continuar estudios en Comunicaci\u00f3n<\/a><\/h2><\/div><aside class=\"meta-row row-3 schema-only\"><div class=\"meta-col\"><ul class=\"entry-meta\"><li class=\"post-time schema-only\"><time class=\"entry-date\" datetime=\"2026-04-28T09:25:28-03:00\">3 d\u00edas ago<\/time><\/li><li class=\"post-author schema-only\"><span class=\"screen-reader-text\">Author <\/span><a href=\"https:\/\/www.ucse.edu.ar\/notiucse\/author\/iaramelina-yocca\/\">Iara Melina Yocca<\/a><\/li><\/ul><\/div><\/aside><\/div><\/article><article  class=\"wppm-el-post 12936 post-12936 post type-post status-publish format-standard has-post-thumbnail hentry category-fcpid category-sede-sgo tag-fcid\"><div class=\"wppm-post-wrap\"><div class=\"post-img\"><a href=\"https:\/\/www.ucse.edu.ar\/notiucse\/2026\/04\/28\/referentes-de-la-fcid-participaron-en-instancias-de-consulta-de-coneau-por-la-acreditacion-de-carreras\/\" title=\"Referentes de la FCID participaron en instancias de consulta de CONEAU por la acreditaci\u00f3n de carreras\"><img loading=\"lazy\" decoding=\"async\" width=\"300\" height=\"200\" src=\"https:\/\/www.ucse.edu.ar\/notiucse\/wp-content\/uploads\/2026\/04\/41dd54a8-66bd-4bc1-a1ff-a25dfec18d01.png\" class=\"attachment-300x200xtruextruex90x size-300x200xtruextruex90x wp-post-image\" alt=\"\" \/><\/a><\/div><div class=\"entry-content\"><aside class=\"meta-row cat-row\"><div class=\"meta-col\"><ul class=\"post-cats\"><li><a class=\"cat-fcpid\" href=\"https:\/\/www.ucse.edu.ar\/notiucse\/category\/facultades\/fcpid\/\">Facultad de Ciencias para la Innovaci\u00f3n y el Desarrollo<\/a><\/li><\/ul><\/div><\/aside><h2 class=\"entry-title\"><a href=\"https:\/\/www.ucse.edu.ar\/notiucse\/2026\/04\/28\/referentes-de-la-fcid-participaron-en-instancias-de-consulta-de-coneau-por-la-acreditacion-de-carreras\/\" title=\"Referentes de la FCID participaron en instancias de consulta de CONEAU por la acreditaci\u00f3n de carreras\">Referentes de la FCID participaron en instancias de consulta de CONEAU por la acreditaci\u00f3n de carreras<\/a><\/h2><\/div><aside class=\"meta-row row-3 schema-only\"><div class=\"meta-col\"><ul class=\"entry-meta\"><li class=\"post-time schema-only\"><time class=\"entry-date\" datetime=\"2026-04-28T08:59:58-03:00\">3 d\u00edas ago<\/time><\/li><li class=\"post-author schema-only\"><span class=\"screen-reader-text\">Author <\/span><a href=\"https:\/\/www.ucse.edu.ar\/notiucse\/author\/iaramelina-yocca\/\">Iara Melina Yocca<\/a><\/li><\/ul><\/div><\/aside><\/div><\/article><article  class=\"wppm-el-post 12928 post-12928 post type-post status-publish format-standard has-post-thumbnail hentry category-extension category-sede-sgo tag-alumnosucse tag-deportesucse tag-torneobienvenida\"><div class=\"wppm-post-wrap\"><div class=\"post-img\"><a href=\"https:\/\/www.ucse.edu.ar\/notiucse\/2026\/04\/23\/horarios-confirmados-para-los-cuartos-de-final-del-torneo-bienvenida\/\" title=\"Horarios confirmados para los cuartos de final del Torneo Bienvenida\"><img loading=\"lazy\" decoding=\"async\" width=\"300\" height=\"200\" src=\"https:\/\/www.ucse.edu.ar\/notiucse\/wp-content\/uploads\/2026\/04\/Gemini_Generated_Image_1ytjw91ytjw91ytj2.jpg\" class=\"attachment-300x200xtruextruex90x size-300x200xtruextruex90x wp-post-image\" alt=\"\" \/><\/a><\/div><div class=\"entry-content\"><aside class=\"meta-row cat-row\"><div class=\"meta-col\"><ul class=\"post-cats\"><li><a class=\"cat-extension\" href=\"https:\/\/www.ucse.edu.ar\/notiucse\/category\/extension\/\">Extensi\u00f3n<\/a><\/li><\/ul><\/div><\/aside><h2 class=\"entry-title\"><a href=\"https:\/\/www.ucse.edu.ar\/notiucse\/2026\/04\/23\/horarios-confirmados-para-los-cuartos-de-final-del-torneo-bienvenida\/\" title=\"Horarios confirmados para los cuartos de final del Torneo Bienvenida\">Horarios confirmados para los cuartos de final del Torneo Bienvenida<\/a><\/h2><\/div><aside class=\"meta-row row-3 schema-only\"><div class=\"meta-col\"><ul class=\"entry-meta\"><li class=\"post-time schema-only\"><time class=\"entry-date\" datetime=\"2026-04-23T21:07:49-03:00\">1 semana ago<\/time><\/li><li class=\"post-author schema-only\"><span class=\"screen-reader-text\">Author <\/span><a href=\"https:\/\/www.ucse.edu.ar\/notiucse\/author\/sebastianrafael-lopez\/\">Sebasti\u00e1n Rafael L\u00f3pez<\/a><\/li><\/ul><\/div><\/aside><\/div><\/article><\/div>\t\t<\/div>\n\t\t\t\t<\/div>\n\t\t\t\t\t<\/div>\n\t\t<\/div>\n\t\t\t\t\t<\/div>\n\t\t<\/section>\n\t\t\t\t<section class=\"elementor-section elementor-top-section elementor-element elementor-element-405b49d elementor-section-stretched elementor-section-boxed elementor-section-height-default elementor-section-height-default\" data-id=\"405b49d\" data-element_type=\"section\" data-settings=\"{&quot;stretch_section&quot;:&quot;section-stretched&quot;,&quot;background_background&quot;:&quot;classic&quot;}\">\n\t\t\t\t\t\t<div class=\"elementor-container elementor-column-gap-default\">\n\t\t\t\t\t<div class=\"elementor-column elementor-col-100 elementor-top-column elementor-element elementor-element-b99ff05\" data-id=\"b99ff05\" data-element_type=\"column\">\n\t\t\t<div class=\"elementor-widget-wrap elementor-element-populated\">\n\t\t\t\t\t\t<section class=\"elementor-section elementor-inner-section elementor-element elementor-element-8e92aee elementor-section-boxed elementor-section-height-default elementor-section-height-default\" data-id=\"8e92aee\" data-element_type=\"section\">\n\t\t\t\t\t\t<div class=\"elementor-container elementor-column-gap-extended\">\n\t\t\t\t\t<div class=\"elementor-column elementor-col-33 elementor-inner-column elementor-element elementor-element-069c186\" data-id=\"069c186\" data-element_type=\"column\">\n\t\t\t<div class=\"elementor-widget-wrap elementor-element-populated\">\n\t\t\t\t\t\t<div class=\"elementor-element elementor-element-78e58bf elementor-widget elementor-widget-heading\" data-id=\"78e58bf\" data-element_type=\"widget\" data-widget_type=\"heading.default\">\n\t\t\t\t<div class=\"elementor-widget-container\">\n\t\t\t<h2 class=\"elementor-heading-title elementor-size-default\">Sede Rafaela<\/h2>\t\t<\/div>\n\t\t\t\t<\/div>\n\t\t\t\t<div class=\"elementor-element elementor-element-b6eaa7b sep-content-border row-1 elementor-invisible elementor-widget elementor-widget-wp-post-modules-el\" data-id=\"b6eaa7b\" data-element_type=\"widget\" data-settings=\"{&quot;_animation&quot;:&quot;fadeIn&quot;,&quot;_animation_delay&quot;:300}\" data-widget_type=\"wp-post-modules-el.default\">\n\t\t\t\t<div class=\"elementor-widget-container\">\n\t\t\t<div class=\"wppm wppm-grid list-enabled columns-1\"><article  class=\"wppm-el-post 12305 post-12305 post type-post status-publish format-standard has-post-thumbnail hentry category-dar tag-dar-2\"><div class=\"wppm-post-wrap\"><div class=\"entry-content\"><h2 class=\"entry-title\"><a href=\"https:\/\/www.ucse.edu.ar\/notiucse\/2025\/10\/01\/ultimos-dias-para-inscribirse-al-curso-de-ingreso-anticipado-2026-en-ucse-rafaela\/\" title=\"\u00daltimos d\u00edas para inscribirse al Curso de Ingreso&hellip;\">\u00daltimos d\u00edas para inscribirse al Curso de Ingreso&hellip;<\/a><\/h2><aside class=\"meta-row row-3 schema-only\"><div class=\"meta-col\"><ul class=\"entry-meta\"><li class=\"post-time schema-only\"><time class=\"entry-date\" datetime=\"2025-10-01T07:56:38-03:00\">octubre 1, 2025<\/time><\/li><li class=\"post-author schema-only\"><span class=\"screen-reader-text\">Author <\/span><a href=\"https:\/\/www.ucse.edu.ar\/notiucse\/author\/iaramelina-yocca\/\">Iara Melina Yocca<\/a><\/li><\/ul><\/div><\/aside><\/div><div class=\"post-img\"><a href=\"https:\/\/www.ucse.edu.ar\/notiucse\/2025\/10\/01\/ultimos-dias-para-inscribirse-al-curso-de-ingreso-anticipado-2026-en-ucse-rafaela\/\" title=\"\u00daltimos d\u00edas para inscribirse al Curso de Ingreso&hellip;\"><img loading=\"lazy\" decoding=\"async\" width=\"200\" height=\"150\" src=\"https:\/\/www.ucse.edu.ar\/notiucse\/wp-content\/uploads\/2025\/10\/e_7729e55519fd7baa89a5ba66a502d2d5.jpg\" class=\"attachment-200x150xtruextruex90x size-200x150xtruextruex90x wp-post-image\" alt=\"\" \/><\/a><\/div><\/div><\/article><article  class=\"wppm-el-post 12250 post-12250 post type-post status-publish format-standard has-post-thumbnail hentry category-dar tag-alumnosucse tag-dar-2\"><div class=\"wppm-post-wrap\"><div class=\"entry-content\"><h2 class=\"entry-title\"><a href=\"https:\/\/www.ucse.edu.ar\/notiucse\/2025\/09\/16\/intercambio-academico-en-ucse-rafaela-estudiante-de-psicologia-enriquecio-su-formacion-profesional\/\" title=\"Intercambio acad\u00e9mico en UCSE Rafaela: estudiante de Psicolog\u00eda&hellip;\">Intercambio acad\u00e9mico en UCSE Rafaela: estudiante de Psicolog\u00eda&hellip;<\/a><\/h2><aside class=\"meta-row row-3 schema-only\"><div class=\"meta-col\"><ul class=\"entry-meta\"><li class=\"post-time schema-only\"><time class=\"entry-date\" datetime=\"2025-09-16T09:07:00-03:00\">septiembre 16, 2025<\/time><\/li><li class=\"post-author schema-only\"><span class=\"screen-reader-text\">Author <\/span><a href=\"https:\/\/www.ucse.edu.ar\/notiucse\/author\/iaramelina-yocca\/\">Iara Melina Yocca<\/a><\/li><\/ul><\/div><\/aside><\/div><div class=\"post-img\"><a href=\"https:\/\/www.ucse.edu.ar\/notiucse\/2025\/09\/16\/intercambio-academico-en-ucse-rafaela-estudiante-de-psicologia-enriquecio-su-formacion-profesional\/\" title=\"Intercambio acad\u00e9mico en UCSE Rafaela: estudiante de Psicolog\u00eda&hellip;\"><img loading=\"lazy\" decoding=\"async\" width=\"200\" height=\"150\" src=\"https:\/\/www.ucse.edu.ar\/notiucse\/wp-content\/uploads\/2025\/09\/pps-camila-pece-ortiz-1.jpg\" class=\"attachment-200x150xtruextruex90x size-200x150xtruextruex90x wp-post-image\" alt=\"\" \/><\/a><\/div><\/div><\/article><article  class=\"wppm-el-post 12211 post-12211 post type-post status-publish format-standard has-post-thumbnail hentry category-fcs category-dass category-dar category-sede-sgo tag-alumnosucse tag-dar-2 tag-dass-2\"><div class=\"wppm-post-wrap\"><div class=\"entry-content\"><h2 class=\"entry-title\"><a href=\"https:\/\/www.ucse.edu.ar\/notiucse\/2025\/09\/02\/estudiantes-de-intercambio-culminaron-las-practicas-de-psicologia-en-la-sede-central\/\" title=\"Estudiantes de intercambio culminaron las pr\u00e1cticas de Psicolog\u00eda&hellip;\">Estudiantes de intercambio culminaron las pr\u00e1cticas de Psicolog\u00eda&hellip;<\/a><\/h2><aside class=\"meta-row row-3 schema-only\"><div class=\"meta-col\"><ul class=\"entry-meta\"><li class=\"post-time schema-only\"><time class=\"entry-date\" datetime=\"2025-09-02T10:02:55-03:00\">septiembre 2, 2025<\/time><\/li><li class=\"post-author schema-only\"><span class=\"screen-reader-text\">Author <\/span><a href=\"https:\/\/www.ucse.edu.ar\/notiucse\/author\/iaramelina-yocca\/\">Iara Melina Yocca<\/a><\/li><\/ul><\/div><\/aside><\/div><div class=\"post-img\"><a href=\"https:\/\/www.ucse.edu.ar\/notiucse\/2025\/09\/02\/estudiantes-de-intercambio-culminaron-las-practicas-de-psicologia-en-la-sede-central\/\" title=\"Estudiantes de intercambio culminaron las pr\u00e1cticas de Psicolog\u00eda&hellip;\"><img loading=\"lazy\" decoding=\"async\" width=\"200\" height=\"150\" src=\"https:\/\/www.ucse.edu.ar\/notiucse\/wp-content\/uploads\/2025\/09\/Imagen-de-WhatsApp-2025-08-26-a-las-09.30.19_40a10f53.jpg\" class=\"attachment-200x150xtruextruex90x size-200x150xtruextruex90x wp-post-image\" alt=\"\" \/><\/a><\/div><\/div><\/article><article  class=\"wppm-el-post 12167 post-12167 post type-post status-publish format-standard has-post-thumbnail hentry category-dar tag-dar-2\"><div class=\"wppm-post-wrap\"><div class=\"entry-content\"><h2 class=\"entry-title\"><a href=\"https:\/\/www.ucse.edu.ar\/notiucse\/2025\/08\/26\/ucse-rafaela-lanza-un-nuevo-curso-de-posgrado-sobre-trastornos-de-personalidad\/\" title=\"UCSE Rafaela lanza un nuevo Curso de Posgrado&hellip;\">UCSE Rafaela lanza un nuevo Curso de Posgrado&hellip;<\/a><\/h2><aside class=\"meta-row row-3 schema-only\"><div class=\"meta-col\"><ul class=\"entry-meta\"><li class=\"post-time schema-only\"><time class=\"entry-date\" datetime=\"2025-08-26T09:42:40-03:00\">agosto 26, 2025<\/time><\/li><li class=\"post-author schema-only\"><span class=\"screen-reader-text\">Author <\/span><a href=\"https:\/\/www.ucse.edu.ar\/notiucse\/author\/iaramelina-yocca\/\">Iara Melina Yocca<\/a><\/li><\/ul><\/div><\/aside><\/div><div class=\"post-img\"><a href=\"https:\/\/www.ucse.edu.ar\/notiucse\/2025\/08\/26\/ucse-rafaela-lanza-un-nuevo-curso-de-posgrado-sobre-trastornos-de-personalidad\/\" title=\"UCSE Rafaela lanza un nuevo Curso de Posgrado&hellip;\"><img loading=\"lazy\" decoding=\"async\" width=\"200\" height=\"150\" src=\"https:\/\/www.ucse.edu.ar\/notiucse\/wp-content\/uploads\/2025\/08\/sided-view-young-girl-talking-therapist-scaled.jpg\" class=\"attachment-200x150xtruextruex90x size-200x150xtruextruex90x wp-post-image\" alt=\"\" \/><\/a><\/div><\/div><\/article><\/div>\t\t<\/div>\n\t\t\t\t<\/div>\n\t\t\t\t\t<\/div>\n\t\t<\/div>\n\t\t\t\t<div class=\"elementor-column elementor-col-33 elementor-inner-column elementor-element elementor-element-2f8d88c\" data-id=\"2f8d88c\" data-element_type=\"column\">\n\t\t\t<div class=\"elementor-widget-wrap elementor-element-populated\">\n\t\t\t\t\t\t<div class=\"elementor-element elementor-element-3ce2a61 elementor-widget elementor-widget-heading\" data-id=\"3ce2a61\" data-element_type=\"widget\" data-widget_type=\"heading.default\">\n\t\t\t\t<div class=\"elementor-widget-container\">\n\t\t\t<h2 class=\"elementor-heading-title elementor-size-default\">Sede Jujuy<\/h2>\t\t<\/div>\n\t\t\t\t<\/div>\n\t\t\t\t<div class=\"elementor-element elementor-element-17f7f30 sep-content-border row-1 elementor-invisible elementor-widget elementor-widget-wp-post-modules-el\" data-id=\"17f7f30\" data-element_type=\"widget\" data-settings=\"{&quot;_animation&quot;:&quot;fadeIn&quot;,&quot;_animation_delay&quot;:300}\" data-widget_type=\"wp-post-modules-el.default\">\n\t\t\t\t<div class=\"elementor-widget-container\">\n\t\t\t<div class=\"wppm wppm-grid list-enabled columns-1\"><article  class=\"wppm-el-post 12765 post-12765 post type-post status-publish format-standard has-post-thumbnail hentry category-dass tag-dass-2\"><div class=\"wppm-post-wrap\"><div class=\"entry-content\"><h2 class=\"entry-title\"><a href=\"https:\/\/www.ucse.edu.ar\/notiucse\/2026\/04\/01\/ucse-jujuy-inicio-su-ciclo-academico-2026-con-entrega-de-premios-a-estudiantes\/\" title=\"Ucse Jujuy inici\u00f3 su ciclo acad\u00e9mico 2026 con&hellip;\">Ucse Jujuy inici\u00f3 su ciclo acad\u00e9mico 2026 con&hellip;<\/a><\/h2><aside class=\"meta-row row-3 schema-only\"><div class=\"meta-col\"><ul class=\"entry-meta\"><li class=\"post-time schema-only\"><time class=\"entry-date\" datetime=\"2026-04-01T08:47:51-03:00\">abril 1, 2026<\/time><\/li><li class=\"post-author schema-only\"><span class=\"screen-reader-text\">Author <\/span><a href=\"https:\/\/www.ucse.edu.ar\/notiucse\/author\/iaramelina-yocca\/\">Iara Melina Yocca<\/a><\/li><\/ul><\/div><\/aside><\/div><div class=\"post-img\"><a href=\"https:\/\/www.ucse.edu.ar\/notiucse\/2026\/04\/01\/ucse-jujuy-inicio-su-ciclo-academico-2026-con-entrega-de-premios-a-estudiantes\/\" title=\"Ucse Jujuy inici\u00f3 su ciclo acad\u00e9mico 2026 con&hellip;\"><img loading=\"lazy\" decoding=\"async\" width=\"200\" height=\"150\" src=\"https:\/\/www.ucse.edu.ar\/notiucse\/wp-content\/uploads\/2026\/04\/656793807_1362586002581356_5929569606856125367_n.jpg\" class=\"attachment-200x150xtruextruex90x size-200x150xtruextruex90x wp-post-image\" alt=\"\" \/><\/a><\/div><\/div><\/article><article  class=\"wppm-el-post 12675 post-12675 post type-post status-publish format-standard has-post-thumbnail hentry category-dass tag-celpebras\"><div class=\"wppm-post-wrap\"><div class=\"entry-content\"><h2 class=\"entry-title\"><a href=\"https:\/\/www.ucse.edu.ar\/notiucse\/2026\/02\/23\/se-dictara-un-curso-preparatorio-para-rendir-el-examen-celpe-bras\/\" title=\"Se dictar\u00e1 un curso preparatorio para rendir el&hellip;\">Se dictar\u00e1 un curso preparatorio para rendir el&hellip;<\/a><\/h2><aside class=\"meta-row row-3 schema-only\"><div class=\"meta-col\"><ul class=\"entry-meta\"><li class=\"post-time schema-only\"><time class=\"entry-date\" datetime=\"2026-02-23T14:53:14-03:00\">febrero 23, 2026<\/time><\/li><li class=\"post-author schema-only\"><span class=\"screen-reader-text\">Author <\/span><a href=\"https:\/\/www.ucse.edu.ar\/notiucse\/author\/iaramelina-yocca\/\">Iara Melina Yocca<\/a><\/li><\/ul><\/div><\/aside><\/div><div class=\"post-img\"><a href=\"https:\/\/www.ucse.edu.ar\/notiucse\/2026\/02\/23\/se-dictara-un-curso-preparatorio-para-rendir-el-examen-celpe-bras\/\" title=\"Se dictar\u00e1 un curso preparatorio para rendir el&hellip;\"><img loading=\"lazy\" decoding=\"async\" width=\"200\" height=\"150\" src=\"https:\/\/www.ucse.edu.ar\/notiucse\/wp-content\/uploads\/2026\/02\/flag-brazil-scaled.jpg\" class=\"attachment-200x150xtruextruex90x size-200x150xtruextruex90x wp-post-image\" alt=\"\" \/><\/a><\/div><\/div><\/article><article  class=\"wppm-el-post 12671 post-12671 post type-post status-publish format-standard has-post-thumbnail hentry category-dass tag-dass-2 tag-revistadifusiones\"><div class=\"wppm-post-wrap\"><div class=\"entry-content\"><h2 class=\"entry-title\"><a href=\"https:\/\/www.ucse.edu.ar\/notiucse\/2026\/02\/20\/la-revista-academica-digital-difusiones-abrio-convocatoria-permanente-para-el-ciclo-2026\/\" title=\"La revista acad\u00e9mica digital &#8220;Difusiones&#8221; abri\u00f3 convocatoria permanente&hellip;\">La revista acad\u00e9mica digital &#8220;Difusiones&#8221; abri\u00f3 convocatoria permanente&hellip;<\/a><\/h2><aside class=\"meta-row row-3 schema-only\"><div class=\"meta-col\"><ul class=\"entry-meta\"><li class=\"post-time schema-only\"><time class=\"entry-date\" datetime=\"2026-02-20T16:07:35-03:00\">febrero 20, 2026<\/time><\/li><li class=\"post-author schema-only\"><span class=\"screen-reader-text\">Author <\/span><a href=\"https:\/\/www.ucse.edu.ar\/notiucse\/author\/iaramelina-yocca\/\">Iara Melina Yocca<\/a><\/li><\/ul><\/div><\/aside><\/div><div class=\"post-img\"><a href=\"https:\/\/www.ucse.edu.ar\/notiucse\/2026\/02\/20\/la-revista-academica-digital-difusiones-abrio-convocatoria-permanente-para-el-ciclo-2026\/\" title=\"La revista acad\u00e9mica digital &#8220;Difusiones&#8221; abri\u00f3 convocatoria permanente&hellip;\"><img loading=\"lazy\" decoding=\"async\" width=\"200\" height=\"150\" src=\"https:\/\/www.ucse.edu.ar\/notiucse\/wp-content\/uploads\/2026\/02\/close-up-hands-typing-keyboard-scaled.jpg\" class=\"attachment-200x150xtruextruex90x size-200x150xtruextruex90x wp-post-image\" alt=\"\" \/><\/a><\/div><\/div><\/article><article  class=\"wppm-el-post 12515 post-12515 post type-post status-publish format-standard has-post-thumbnail hentry category-dass tag-dass-2\"><div class=\"wppm-post-wrap\"><div class=\"entry-content\"><h2 class=\"entry-title\"><a href=\"https:\/\/www.ucse.edu.ar\/notiucse\/2025\/12\/05\/estudiantes-de-arquitectura-presentaron-sus-trabajos-finales-ante-autoridades-municipales\/\" title=\"Estudiantes de Arquitectura presentaron sus trabajos finales ante&hellip;\">Estudiantes de Arquitectura presentaron sus trabajos finales ante&hellip;<\/a><\/h2><aside class=\"meta-row row-3 schema-only\"><div class=\"meta-col\"><ul class=\"entry-meta\"><li class=\"post-time schema-only\"><time class=\"entry-date\" datetime=\"2025-12-05T16:30:57-03:00\">diciembre 5, 2025<\/time><\/li><li class=\"post-author schema-only\"><span class=\"screen-reader-text\">Author <\/span><a href=\"https:\/\/www.ucse.edu.ar\/notiucse\/author\/iaramelina-yocca\/\">Iara Melina Yocca<\/a><\/li><\/ul><\/div><\/aside><\/div><div class=\"post-img\"><a href=\"https:\/\/www.ucse.edu.ar\/notiucse\/2025\/12\/05\/estudiantes-de-arquitectura-presentaron-sus-trabajos-finales-ante-autoridades-municipales\/\" title=\"Estudiantes de Arquitectura presentaron sus trabajos finales ante&hellip;\"><img loading=\"lazy\" decoding=\"async\" width=\"200\" height=\"150\" src=\"https:\/\/www.ucse.edu.ar\/notiucse\/wp-content\/uploads\/2025\/12\/Intendente-Raul-Jorge.jpg\" class=\"attachment-200x150xtruextruex90x size-200x150xtruextruex90x wp-post-image\" alt=\"\" srcset=\"https:\/\/www.ucse.edu.ar\/notiucse\/wp-content\/uploads\/2025\/12\/Intendente-Raul-Jorge.jpg 1440w, https:\/\/www.ucse.edu.ar\/notiucse\/wp-content\/uploads\/2025\/12\/Intendente-Raul-Jorge-300x225.jpg 300w, https:\/\/www.ucse.edu.ar\/notiucse\/wp-content\/uploads\/2025\/12\/Intendente-Raul-Jorge-1024x768.jpg 1024w, https:\/\/www.ucse.edu.ar\/notiucse\/wp-content\/uploads\/2025\/12\/Intendente-Raul-Jorge-768x576.jpg 768w, https:\/\/www.ucse.edu.ar\/notiucse\/wp-content\/uploads\/2025\/12\/Intendente-Raul-Jorge-750x563.jpg 750w, https:\/\/www.ucse.edu.ar\/notiucse\/wp-content\/uploads\/2025\/12\/Intendente-Raul-Jorge-1140x855.jpg 1140w\" sizes=\"(max-width: 200px) 100vw, 200px\" \/><\/a><\/div><\/div><\/article><\/div>\t\t<\/div>\n\t\t\t\t<\/div>\n\t\t\t\t\t<\/div>\n\t\t<\/div>\n\t\t\t\t<div class=\"elementor-column elementor-col-33 elementor-inner-column elementor-element elementor-element-e01853f\" data-id=\"e01853f\" data-element_type=\"column\">\n\t\t\t<div class=\"elementor-widget-wrap elementor-element-populated\">\n\t\t\t\t\t\t<div class=\"elementor-element elementor-element-25c599f elementor-widget elementor-widget-heading\" data-id=\"25c599f\" data-element_type=\"widget\" data-widget_type=\"heading.default\">\n\t\t\t\t<div class=\"elementor-widget-container\">\n\t\t\t<h2 class=\"elementor-heading-title elementor-size-default\">Sede Buenos Aires<\/h2>\t\t<\/div>\n\t\t\t\t<\/div>\n\t\t\t\t<div class=\"elementor-element elementor-element-83a0d76 sep-content-border row-1 elementor-invisible elementor-widget elementor-widget-wp-post-modules-el\" data-id=\"83a0d76\" data-element_type=\"widget\" data-settings=\"{&quot;_animation&quot;:&quot;fadeIn&quot;,&quot;_animation_delay&quot;:300}\" data-widget_type=\"wp-post-modules-el.default\">\n\t\t\t\t<div class=\"elementor-widget-container\">\n\t\t\t<div class=\"wppm wppm-grid list-enabled columns-1\"><article  class=\"wppm-el-post 12518 post-12518 post type-post status-publish format-standard has-post-thumbnail hentry category-daba tag-daba-2\"><div class=\"wppm-post-wrap\"><div class=\"entry-content\"><h2 class=\"entry-title\"><a href=\"https:\/\/www.ucse.edu.ar\/notiucse\/2025\/12\/15\/daba-realizo-su-22o-acto-academico-de-colacion-de-grado-con-mas-de-cien-nuevos-profesionales\/\" title=\"DABA realiz\u00f3 su 22\u00ba Acto Acad\u00e9mico de Colaci\u00f3n&hellip;\">DABA realiz\u00f3 su 22\u00ba Acto Acad\u00e9mico de Colaci\u00f3n&hellip;<\/a><\/h2><aside class=\"meta-row row-3 schema-only\"><div class=\"meta-col\"><ul class=\"entry-meta\"><li class=\"post-time schema-only\"><time class=\"entry-date\" datetime=\"2025-12-15T15:03:56-03:00\">diciembre 15, 2025<\/time><\/li><li class=\"post-author schema-only\"><span class=\"screen-reader-text\">Author <\/span><a href=\"https:\/\/www.ucse.edu.ar\/notiucse\/author\/iaramelina-yocca\/\">Iara Melina Yocca<\/a><\/li><\/ul><\/div><\/aside><\/div><div class=\"post-img\"><a href=\"https:\/\/www.ucse.edu.ar\/notiucse\/2025\/12\/15\/daba-realizo-su-22o-acto-academico-de-colacion-de-grado-con-mas-de-cien-nuevos-profesionales\/\" title=\"DABA realiz\u00f3 su 22\u00ba Acto Acad\u00e9mico de Colaci\u00f3n&hellip;\"><img loading=\"lazy\" decoding=\"async\" width=\"200\" height=\"150\" src=\"https:\/\/www.ucse.edu.ar\/notiucse\/wp-content\/uploads\/2025\/12\/ColacionUCSE2025-182.jpg\" class=\"attachment-200x150xtruextruex90x size-200x150xtruextruex90x wp-post-image\" alt=\"\" \/><\/a><\/div><\/div><\/article><article  class=\"wppm-el-post 12508 post-12508 post type-post status-publish format-standard has-post-thumbnail hentry category-daba tag-daba-2\"><div class=\"wppm-post-wrap\"><div class=\"entry-content\"><h2 class=\"entry-title\"><a href=\"https:\/\/www.ucse.edu.ar\/notiucse\/2025\/12\/04\/ucse-y-cucicba-firman-un-convenio-estrategico-para-la-cooperacion-academica-y-profesional\/\" title=\"UCSE y CUCICBA firman un convenio estrat\u00e9gico para&hellip;\">UCSE y CUCICBA firman un convenio estrat\u00e9gico para&hellip;<\/a><\/h2><aside class=\"meta-row row-3 schema-only\"><div class=\"meta-col\"><ul class=\"entry-meta\"><li class=\"post-time schema-only\"><time class=\"entry-date\" datetime=\"2025-12-04T12:56:58-03:00\">diciembre 4, 2025<\/time><\/li><li class=\"post-author schema-only\"><span class=\"screen-reader-text\">Author <\/span><a href=\"https:\/\/www.ucse.edu.ar\/notiucse\/author\/iaramelina-yocca\/\">Iara Melina Yocca<\/a><\/li><\/ul><\/div><\/aside><\/div><div class=\"post-img\"><a href=\"https:\/\/www.ucse.edu.ar\/notiucse\/2025\/12\/04\/ucse-y-cucicba-firman-un-convenio-estrategico-para-la-cooperacion-academica-y-profesional\/\" title=\"UCSE y CUCICBA firman un convenio estrat\u00e9gico para&hellip;\"><img loading=\"lazy\" decoding=\"async\" width=\"200\" height=\"150\" src=\"https:\/\/www.ucse.edu.ar\/notiucse\/wp-content\/uploads\/2025\/12\/Autoridades.jpg\" class=\"attachment-200x150xtruextruex90x size-200x150xtruextruex90x wp-post-image\" alt=\"\" \/><\/a><\/div><\/div><\/article><article  class=\"wppm-el-post 12332 post-12332 post type-post status-publish format-standard has-post-thumbnail hentry category-daba tag-daba-2\"><div class=\"wppm-post-wrap\"><div class=\"entry-content\"><h2 class=\"entry-title\"><a href=\"https:\/\/www.ucse.edu.ar\/notiucse\/2025\/10\/08\/daba-celebro-la-segunda-jornada-interdisciplinar-de-bibliotecologia-conectar-saberes-bibliotecas-e-ia-hacia-un-futuro-inclusivo\/\" title=\"DABA celebr\u00f3 la Segunda Jornada Interdisciplinar de Bibliotecolog\u00eda:&hellip;\">DABA celebr\u00f3 la Segunda Jornada Interdisciplinar de Bibliotecolog\u00eda:&hellip;<\/a><\/h2><aside class=\"meta-row row-3 schema-only\"><div class=\"meta-col\"><ul class=\"entry-meta\"><li class=\"post-time schema-only\"><time class=\"entry-date\" datetime=\"2025-10-08T08:17:40-03:00\">octubre 8, 2025<\/time><\/li><li class=\"post-author schema-only\"><span class=\"screen-reader-text\">Author <\/span><a href=\"https:\/\/www.ucse.edu.ar\/notiucse\/author\/iaramelina-yocca\/\">Iara Melina Yocca<\/a><\/li><\/ul><\/div><\/aside><\/div><div class=\"post-img\"><a href=\"https:\/\/www.ucse.edu.ar\/notiucse\/2025\/10\/08\/daba-celebro-la-segunda-jornada-interdisciplinar-de-bibliotecologia-conectar-saberes-bibliotecas-e-ia-hacia-un-futuro-inclusivo\/\" title=\"DABA celebr\u00f3 la Segunda Jornada Interdisciplinar de Bibliotecolog\u00eda:&hellip;\"><img loading=\"lazy\" decoding=\"async\" width=\"200\" height=\"150\" src=\"https:\/\/www.ucse.edu.ar\/notiucse\/wp-content\/uploads\/2025\/10\/Captura-de-pantalla-2025-10-08-083115.png\" class=\"attachment-200x150xtruextruex90x size-200x150xtruextruex90x wp-post-image\" alt=\"\" \/><\/a><\/div><\/div><\/article><article  class=\"wppm-el-post 12328 post-12328 post type-post status-publish format-standard has-post-thumbnail hentry category-daba tag-daba-2\"><div class=\"wppm-post-wrap\"><div class=\"entry-content\"><h2 class=\"entry-title\"><a href=\"https:\/\/www.ucse.edu.ar\/notiucse\/2025\/10\/07\/daba-celebra-el-dia-del-martillero-publico-con-una-jornada-especial-de-formacion-y-reflexion\/\" title=\"DABA celebra el D\u00eda del Martillero P\u00fablico con&hellip;\">DABA celebra el D\u00eda del Martillero P\u00fablico con&hellip;<\/a><\/h2><aside class=\"meta-row row-3 schema-only\"><div class=\"meta-col\"><ul class=\"entry-meta\"><li class=\"post-time schema-only\"><time class=\"entry-date\" datetime=\"2025-10-07T10:04:45-03:00\">octubre 7, 2025<\/time><\/li><li class=\"post-author schema-only\"><span class=\"screen-reader-text\">Author <\/span><a href=\"https:\/\/www.ucse.edu.ar\/notiucse\/author\/iaramelina-yocca\/\">Iara Melina Yocca<\/a><\/li><\/ul><\/div><\/aside><\/div><div class=\"post-img\"><a href=\"https:\/\/www.ucse.edu.ar\/notiucse\/2025\/10\/07\/daba-celebra-el-dia-del-martillero-publico-con-una-jornada-especial-de-formacion-y-reflexion\/\" title=\"DABA celebra el D\u00eda del Martillero P\u00fablico con&hellip;\"><img loading=\"lazy\" decoding=\"async\" width=\"200\" height=\"150\" src=\"https:\/\/www.ucse.edu.ar\/notiucse\/wp-content\/uploads\/2025\/10\/Captura-de-pantalla-2025-10-07-101610.png\" class=\"attachment-200x150xtruextruex90x size-200x150xtruextruex90x wp-post-image\" alt=\"\" \/><\/a><\/div><\/div><\/article><\/div>\t\t<\/div>\n\t\t\t\t<\/div>\n\t\t\t\t\t<\/div>\n\t\t<\/div>\n\t\t\t\t\t<\/div>\n\t\t<\/section>\n\t\t\t\t\t<\/div>\n\t\t<\/div>\n\t\t\t\t\t<\/div>\n\t\t<\/section>\n\t\t\t\t<section class=\"elementor-section elementor-top-section elementor-element elementor-element-1f7e0c3 elementor-section-boxed elementor-section-height-default elementor-section-height-default\" data-id=\"1f7e0c3\" data-element_type=\"section\">\n\t\t\t\t\t\t<div class=\"elementor-container elementor-column-gap-extended\">\n\t\t\t\t\t<div class=\"elementor-column elementor-col-100 elementor-top-column elementor-element elementor-element-48d2380\" data-id=\"48d2380\" data-element_type=\"column\">\n\t\t\t<div class=\"elementor-widget-wrap elementor-element-populated\">\n\t\t\t\t\t\t<div class=\"elementor-element elementor-element-7656c44 wppm-animated post-effect-fadein elementor-invisible elementor-widget elementor-widget-wp-post-modules-el\" data-id=\"7656c44\" data-element_type=\"widget\" data-settings=\"{&quot;_animation&quot;:&quot;fadeIn&quot;}\" data-widget_type=\"wp-post-modules-el.default\">\n\t\t\t\t<div class=\"elementor-widget-container\">\n\t\t\t<div class=\"wppm wppm-grid s1 columns-4\"><article  class=\"wppm-el-post 12864 post-12864 post type-post status-publish format-standard has-post-thumbnail hentry category-fcpsyj category-sede-sgo tag-alumnosucse\"><div class=\"wppm-post-wrap\"><div class=\"post-img\"><a href=\"https:\/\/www.ucse.edu.ar\/notiucse\/2026\/04\/14\/el-dr-daniel-rafecas-encabeza-la-apertura-de-la-cohorte-2026-de-especializacion-en-derecho-penal-en-la-ucse\/\" title=\"El Dr. Daniel Rafecas encabeza la apertura de la Cohorte&hellip;\"><img loading=\"lazy\" decoding=\"async\" width=\"300\" height=\"200\" src=\"https:\/\/www.ucse.edu.ar\/notiucse\/wp-content\/uploads\/2024\/05\/Captura-de-pantalla-2024-05-17-161045.png\" class=\"attachment-300x200xtruextruex90x size-300x200xtruextruex90x wp-post-image\" alt=\"\" \/><\/a><\/div><div class=\"entry-content\"><aside class=\"meta-row cat-row\"><div class=\"meta-col\"><ul class=\"post-cats\"><li><a class=\"cat-fcpsyj\" href=\"https:\/\/www.ucse.edu.ar\/notiucse\/category\/facultades\/fcpsyj\/\">Facultad de Ciencias Pol\u00edticas, Sociales y Jur\u00eddicas<\/a><\/li><\/ul><\/div><\/aside><h2 class=\"entry-title\"><a href=\"https:\/\/www.ucse.edu.ar\/notiucse\/2026\/04\/14\/el-dr-daniel-rafecas-encabeza-la-apertura-de-la-cohorte-2026-de-especializacion-en-derecho-penal-en-la-ucse\/\" title=\"El Dr. Daniel Rafecas encabeza la apertura de la Cohorte&hellip;\">El Dr. Daniel Rafecas encabeza la apertura de la Cohorte&hellip;<\/a><\/h2><\/div><aside class=\"meta-row row-3 schema-only\"><div class=\"meta-col\"><ul class=\"entry-meta\"><li class=\"post-time schema-only\"><time class=\"entry-date\" datetime=\"2026-04-14T20:56:34-03:00\">2 semanas ago<\/time><\/li><li class=\"post-author schema-only\"><span class=\"screen-reader-text\">Author <\/span><a href=\"https:\/\/www.ucse.edu.ar\/notiucse\/author\/sebastianrafael-lopez\/\">Sebasti\u00e1n Rafael L\u00f3pez<\/a><\/li><\/ul><\/div><\/aside><\/div><\/article><article  class=\"wppm-el-post 12790 post-12790 post type-post status-publish format-standard has-post-thumbnail hentry category-fcpsyj category-sede-sgo tag-alumnosucse tag-fcpsyj-2\"><div class=\"wppm-post-wrap\"><div class=\"post-img\"><a href=\"https:\/\/www.ucse.edu.ar\/notiucse\/2026\/04\/03\/el-politologo-zidane-zeraoui-disertara-en-la-ucse-sobre-las-tensiones-en-medio-oriente\/\" title=\"El polit\u00f3logo Zidane Zeraoui disertar\u00e1 en la UCSE sobre las&hellip;\"><img loading=\"lazy\" decoding=\"async\" width=\"300\" height=\"200\" src=\"https:\/\/www.ucse.edu.ar\/notiucse\/wp-content\/uploads\/2026\/04\/503766264_1119981503508475_339527511857728703_n.jpg\" class=\"attachment-300x200xtruextruex90x size-300x200xtruextruex90x wp-post-image\" alt=\"\" srcset=\"https:\/\/www.ucse.edu.ar\/notiucse\/wp-content\/uploads\/2026\/04\/503766264_1119981503508475_339527511857728703_n.jpg 590w, https:\/\/www.ucse.edu.ar\/notiucse\/wp-content\/uploads\/2026\/04\/503766264_1119981503508475_339527511857728703_n-300x200.jpg 300w\" sizes=\"(max-width: 300px) 100vw, 300px\" \/><\/a><\/div><div class=\"entry-content\"><aside class=\"meta-row cat-row\"><div class=\"meta-col\"><ul class=\"post-cats\"><li><a class=\"cat-fcpsyj\" href=\"https:\/\/www.ucse.edu.ar\/notiucse\/category\/facultades\/fcpsyj\/\">Facultad de Ciencias Pol\u00edticas, Sociales y Jur\u00eddicas<\/a><\/li><\/ul><\/div><\/aside><h2 class=\"entry-title\"><a href=\"https:\/\/www.ucse.edu.ar\/notiucse\/2026\/04\/03\/el-politologo-zidane-zeraoui-disertara-en-la-ucse-sobre-las-tensiones-en-medio-oriente\/\" title=\"El polit\u00f3logo Zidane Zeraoui disertar\u00e1 en la UCSE sobre las&hellip;\">El polit\u00f3logo Zidane Zeraoui disertar\u00e1 en la UCSE sobre las&hellip;<\/a><\/h2><\/div><aside class=\"meta-row row-3 schema-only\"><div class=\"meta-col\"><ul class=\"entry-meta\"><li class=\"post-time schema-only\"><time class=\"entry-date\" datetime=\"2026-04-03T13:26:45-03:00\">4 semanas ago<\/time><\/li><li class=\"post-author schema-only\"><span class=\"screen-reader-text\">Author <\/span><a href=\"https:\/\/www.ucse.edu.ar\/notiucse\/author\/iaramelina-yocca\/\">Iara Melina Yocca<\/a><\/li><\/ul><\/div><\/aside><\/div><\/article><article  class=\"wppm-el-post 12780 post-12780 post type-post status-publish format-standard has-post-thumbnail hentry category-fcpsyj category-sede-sgo tag-fcpsyj-2\"><div class=\"wppm-post-wrap\"><div class=\"post-img\"><a href=\"https:\/\/www.ucse.edu.ar\/notiucse\/2026\/04\/01\/la-fcpsyj-participo-del-concierto-por-los-bosques-y-la-paz\/\" title=\"La FCPSyJ particip\u00f3 del &#8220;Concierto por los Bosques y la&hellip;\"><img loading=\"lazy\" decoding=\"async\" width=\"300\" height=\"200\" src=\"https:\/\/www.ucse.edu.ar\/notiucse\/wp-content\/uploads\/2026\/04\/\ud83d\udfe5-LA-FCPSyJ-PARTICIPO-DEL-CONCIERTO-POR-LOS-BOSQUES-Y-LA-PAZ\ud83d\udfe2-Organizado-por-la-Facultad-de-.jpg\" class=\"attachment-300x200xtruextruex90x size-300x200xtruextruex90x wp-post-image\" alt=\"\" \/><\/a><\/div><div class=\"entry-content\"><aside class=\"meta-row cat-row\"><div class=\"meta-col\"><ul class=\"post-cats\"><li><a class=\"cat-fcpsyj\" href=\"https:\/\/www.ucse.edu.ar\/notiucse\/category\/facultades\/fcpsyj\/\">Facultad de Ciencias Pol\u00edticas, Sociales y Jur\u00eddicas<\/a><\/li><\/ul><\/div><\/aside><h2 class=\"entry-title\"><a href=\"https:\/\/www.ucse.edu.ar\/notiucse\/2026\/04\/01\/la-fcpsyj-participo-del-concierto-por-los-bosques-y-la-paz\/\" title=\"La FCPSyJ particip\u00f3 del &#8220;Concierto por los Bosques y la&hellip;\">La FCPSyJ particip\u00f3 del &#8220;Concierto por los Bosques y la&hellip;<\/a><\/h2><\/div><aside class=\"meta-row row-3 schema-only\"><div class=\"meta-col\"><ul class=\"entry-meta\"><li class=\"post-time schema-only\"><time class=\"entry-date\" datetime=\"2026-04-01T10:06:28-03:00\">4 semanas ago<\/time><\/li><li class=\"post-author schema-only\"><span class=\"screen-reader-text\">Author <\/span><a href=\"https:\/\/www.ucse.edu.ar\/notiucse\/author\/iaramelina-yocca\/\">Iara Melina Yocca<\/a><\/li><\/ul><\/div><\/aside><\/div><\/article><article  class=\"wppm-el-post 12777 post-12777 post type-post status-publish format-standard has-post-thumbnail hentry category-fcpsyj category-sede-sgo tag-fcpsyj-2\"><div class=\"wppm-post-wrap\"><div class=\"post-img\"><a href=\"https:\/\/www.ucse.edu.ar\/notiucse\/2026\/04\/01\/se-realizo-una-reunion-de-trabajo-con-directores-de-proyectos-de-investigacion\/\" title=\"Se realiz\u00f3 una reuni\u00f3n de trabajo con directores de proyectos&hellip;\"><img loading=\"lazy\" decoding=\"async\" width=\"300\" height=\"200\" src=\"https:\/\/www.ucse.edu.ar\/notiucse\/wp-content\/uploads\/2026\/04\/\ud83d\udfe5REUNION-DE-INVESTIGADORES-DE-LA-FACULTAD\ud83d\udcda-En-el-dia-de-ayer-se-llevo-a-cabo-una-reunion-de-tr.jpg\" class=\"attachment-300x200xtruextruex90x size-300x200xtruextruex90x wp-post-image\" alt=\"\" srcset=\"https:\/\/www.ucse.edu.ar\/notiucse\/wp-content\/uploads\/2026\/04\/\ud83d\udfe5REUNION-DE-INVESTIGADORES-DE-LA-FACULTAD\ud83d\udcda-En-el-dia-de-ayer-se-llevo-a-cabo-una-reunion-de-tr.jpg 1080w, https:\/\/www.ucse.edu.ar\/notiucse\/wp-content\/uploads\/2026\/04\/\ud83d\udfe5REUNION-DE-INVESTIGADORES-DE-LA-FACULTAD\ud83d\udcda-En-el-dia-de-ayer-se-llevo-a-cabo-una-reunion-de-tr-300x200.jpg 300w, https:\/\/www.ucse.edu.ar\/notiucse\/wp-content\/uploads\/2026\/04\/\ud83d\udfe5REUNION-DE-INVESTIGADORES-DE-LA-FACULTAD\ud83d\udcda-En-el-dia-de-ayer-se-llevo-a-cabo-una-reunion-de-tr-1024x683.jpg 1024w, https:\/\/www.ucse.edu.ar\/notiucse\/wp-content\/uploads\/2026\/04\/\ud83d\udfe5REUNION-DE-INVESTIGADORES-DE-LA-FACULTAD\ud83d\udcda-En-el-dia-de-ayer-se-llevo-a-cabo-una-reunion-de-tr-768x512.jpg 768w, https:\/\/www.ucse.edu.ar\/notiucse\/wp-content\/uploads\/2026\/04\/\ud83d\udfe5REUNION-DE-INVESTIGADORES-DE-LA-FACULTAD\ud83d\udcda-En-el-dia-de-ayer-se-llevo-a-cabo-una-reunion-de-tr-750x500.jpg 750w\" sizes=\"(max-width: 300px) 100vw, 300px\" \/><\/a><\/div><div class=\"entry-content\"><aside class=\"meta-row cat-row\"><div class=\"meta-col\"><ul class=\"post-cats\"><li><a class=\"cat-fcpsyj\" href=\"https:\/\/www.ucse.edu.ar\/notiucse\/category\/facultades\/fcpsyj\/\">Facultad de Ciencias Pol\u00edticas, Sociales y Jur\u00eddicas<\/a><\/li><\/ul><\/div><\/aside><h2 class=\"entry-title\"><a href=\"https:\/\/www.ucse.edu.ar\/notiucse\/2026\/04\/01\/se-realizo-una-reunion-de-trabajo-con-directores-de-proyectos-de-investigacion\/\" title=\"Se realiz\u00f3 una reuni\u00f3n de trabajo con directores de proyectos&hellip;\">Se realiz\u00f3 una reuni\u00f3n de trabajo con directores de proyectos&hellip;<\/a><\/h2><\/div><aside class=\"meta-row row-3 schema-only\"><div class=\"meta-col\"><ul class=\"entry-meta\"><li class=\"post-time schema-only\"><time class=\"entry-date\" datetime=\"2026-04-01T09:55:51-03:00\">4 semanas ago<\/time><\/li><li class=\"post-author schema-only\"><span class=\"screen-reader-text\">Author <\/span><a href=\"https:\/\/www.ucse.edu.ar\/notiucse\/author\/iaramelina-yocca\/\">Iara Melina Yocca<\/a><\/li><\/ul><\/div><\/aside><\/div><\/article><\/div>\t\t<\/div>\n\t\t\t\t<\/div>\n\t\t\t\t\t<\/div>\n\t\t<\/div>\n\t\t\t\t\t<\/div>\n\t\t<\/section>\n\t\t\t\t<section class=\"elementor-section elementor-top-section elementor-element elementor-element-6692f6d elementor-section-boxed elementor-section-height-default elementor-section-height-default\" data-id=\"6692f6d\" data-element_type=\"section\">\n\t\t\t\t\t\t<div class=\"elementor-container elementor-column-gap-extended\">\n\t\t\t\t\t<div class=\"elementor-column elementor-col-100 elementor-top-column elementor-element elementor-element-832dc30\" data-id=\"832dc30\" data-element_type=\"column\">\n\t\t\t<div class=\"elementor-widget-wrap elementor-element-populated\">\n\t\t\t\t\t\t<div class=\"elementor-element elementor-element-0a56c1d wppm-animated post-effect-fadein elementor-invisible elementor-widget elementor-widget-wp-post-modules-el\" data-id=\"0a56c1d\" data-element_type=\"widget\" data-settings=\"{&quot;_animation&quot;:&quot;fadeIn&quot;}\" data-widget_type=\"wp-post-modules-el.default\">\n\t\t\t\t<div class=\"elementor-widget-container\">\n\t\t\t<div class=\"wppm wppm-grid s1 columns-4\"><article  class=\"wppm-el-post 12904 post-12904 post type-post status-publish format-standard has-post-thumbnail hentry category-extension category-fcs category-sede-sgo tag-alumnosucse tag-institucional-2\"><div class=\"wppm-post-wrap\"><div class=\"post-img\"><a href=\"https:\/\/www.ucse.edu.ar\/notiucse\/2026\/04\/20\/la-ucse-realizara-un-conversatorio-sobre-la-donacion-voluntaria-de-sangre\/\" title=\"La UCSE realizar\u00e1 un conversatorio sobre la donaci\u00f3n voluntaria de&hellip;\"><img loading=\"lazy\" decoding=\"async\" width=\"300\" height=\"200\" src=\"https:\/\/www.ucse.edu.ar\/notiucse\/wp-content\/uploads\/2026\/04\/blood-donation-concept-awareness-donation-scaled.jpg\" class=\"attachment-300x200xtruextruex90x size-300x200xtruextruex90x wp-post-image\" alt=\"\" srcset=\"https:\/\/www.ucse.edu.ar\/notiucse\/wp-content\/uploads\/2026\/04\/blood-donation-concept-awareness-donation-scaled.jpg 2560w, https:\/\/www.ucse.edu.ar\/notiucse\/wp-content\/uploads\/2026\/04\/blood-donation-concept-awareness-donation-300x200.jpg 300w, https:\/\/www.ucse.edu.ar\/notiucse\/wp-content\/uploads\/2026\/04\/blood-donation-concept-awareness-donation-1024x683.jpg 1024w, https:\/\/www.ucse.edu.ar\/notiucse\/wp-content\/uploads\/2026\/04\/blood-donation-concept-awareness-donation-768x512.jpg 768w, https:\/\/www.ucse.edu.ar\/notiucse\/wp-content\/uploads\/2026\/04\/blood-donation-concept-awareness-donation-1536x1024.jpg 1536w, https:\/\/www.ucse.edu.ar\/notiucse\/wp-content\/uploads\/2026\/04\/blood-donation-concept-awareness-donation-2048x1365.jpg 2048w, https:\/\/www.ucse.edu.ar\/notiucse\/wp-content\/uploads\/2026\/04\/blood-donation-concept-awareness-donation-750x500.jpg 750w, https:\/\/www.ucse.edu.ar\/notiucse\/wp-content\/uploads\/2026\/04\/blood-donation-concept-awareness-donation-1140x760.jpg 1140w\" sizes=\"(max-width: 300px) 100vw, 300px\" \/><\/a><\/div><div class=\"entry-content\"><aside class=\"meta-row cat-row\"><div class=\"meta-col\"><ul class=\"post-cats\"><li><a class=\"cat-extension\" href=\"https:\/\/www.ucse.edu.ar\/notiucse\/category\/extension\/\">Extensi\u00f3n<\/a><\/li><\/ul><\/div><\/aside><h2 class=\"entry-title\"><a href=\"https:\/\/www.ucse.edu.ar\/notiucse\/2026\/04\/20\/la-ucse-realizara-un-conversatorio-sobre-la-donacion-voluntaria-de-sangre\/\" title=\"La UCSE realizar\u00e1 un conversatorio sobre la donaci\u00f3n voluntaria de&hellip;\">La UCSE realizar\u00e1 un conversatorio sobre la donaci\u00f3n voluntaria de&hellip;<\/a><\/h2><\/div><aside class=\"meta-row row-3 schema-only\"><div class=\"meta-col\"><ul class=\"entry-meta\"><li class=\"post-time schema-only\"><time class=\"entry-date\" datetime=\"2026-04-20T18:01:57-03:00\">2 semanas ago<\/time><\/li><li class=\"post-author schema-only\"><span class=\"screen-reader-text\">Author <\/span><a href=\"https:\/\/www.ucse.edu.ar\/notiucse\/author\/sebastianrafael-lopez\/\">Sebasti\u00e1n Rafael L\u00f3pez<\/a><\/li><\/ul><\/div><\/aside><\/div><\/article><article  class=\"wppm-el-post 12810 post-12810 post type-post status-publish format-standard has-post-thumbnail hentry category-fcs category-sede-sgo tag-institucional-2 tag-taller\"><div class=\"wppm-post-wrap\"><div class=\"post-img\"><a href=\"https:\/\/www.ucse.edu.ar\/notiucse\/2026\/04\/07\/emprender-con-identidad-lanzan-un-nuevo-ciclo-de-talleres-para-potenciar-emprendimientos-locales\/\" title=\"Emprender con identidad: lanzan un nuevo ciclo de talleres para&hellip;\"><img loading=\"lazy\" decoding=\"async\" width=\"300\" height=\"200\" src=\"https:\/\/www.ucse.edu.ar\/notiucse\/wp-content\/uploads\/2026\/04\/IMG_7566-scaled-1.jpg\" class=\"attachment-300x200xtruextruex90x size-300x200xtruextruex90x wp-post-image\" alt=\"\" srcset=\"https:\/\/www.ucse.edu.ar\/notiucse\/wp-content\/uploads\/2026\/04\/IMG_7566-scaled-1.jpg 2560w, https:\/\/www.ucse.edu.ar\/notiucse\/wp-content\/uploads\/2026\/04\/IMG_7566-scaled-1-300x200.jpg 300w, https:\/\/www.ucse.edu.ar\/notiucse\/wp-content\/uploads\/2026\/04\/IMG_7566-scaled-1-1024x683.jpg 1024w, https:\/\/www.ucse.edu.ar\/notiucse\/wp-content\/uploads\/2026\/04\/IMG_7566-scaled-1-768x512.jpg 768w, https:\/\/www.ucse.edu.ar\/notiucse\/wp-content\/uploads\/2026\/04\/IMG_7566-scaled-1-1536x1024.jpg 1536w, https:\/\/www.ucse.edu.ar\/notiucse\/wp-content\/uploads\/2026\/04\/IMG_7566-scaled-1-2048x1366.jpg 2048w, https:\/\/www.ucse.edu.ar\/notiucse\/wp-content\/uploads\/2026\/04\/IMG_7566-scaled-1-750x500.jpg 750w, https:\/\/www.ucse.edu.ar\/notiucse\/wp-content\/uploads\/2026\/04\/IMG_7566-scaled-1-1140x760.jpg 1140w\" sizes=\"(max-width: 300px) 100vw, 300px\" \/><\/a><\/div><div class=\"entry-content\"><aside class=\"meta-row cat-row\"><div class=\"meta-col\"><ul class=\"post-cats\"><li><a class=\"cat-fcs\" href=\"https:\/\/www.ucse.edu.ar\/notiucse\/category\/facultades\/fcs\/\">Facultad de Ciencias de la Salud<\/a><\/li><\/ul><\/div><\/aside><h2 class=\"entry-title\"><a href=\"https:\/\/www.ucse.edu.ar\/notiucse\/2026\/04\/07\/emprender-con-identidad-lanzan-un-nuevo-ciclo-de-talleres-para-potenciar-emprendimientos-locales\/\" title=\"Emprender con identidad: lanzan un nuevo ciclo de talleres para&hellip;\">Emprender con identidad: lanzan un nuevo ciclo de talleres para&hellip;<\/a><\/h2><\/div><aside class=\"meta-row row-3 schema-only\"><div class=\"meta-col\"><ul class=\"entry-meta\"><li class=\"post-time schema-only\"><time class=\"entry-date\" datetime=\"2026-04-07T20:39:32-03:00\">3 semanas ago<\/time><\/li><li class=\"post-author schema-only\"><span class=\"screen-reader-text\">Author <\/span><a href=\"https:\/\/www.ucse.edu.ar\/notiucse\/author\/sebastianrafael-lopez\/\">Sebasti\u00e1n Rafael L\u00f3pez<\/a><\/li><\/ul><\/div><\/aside><\/div><\/article><article  class=\"wppm-el-post 12771 post-12771 post type-post status-publish format-standard has-post-thumbnail hentry category-fcs category-sede-sgo tag-capacitacion tag-fcs\"><div class=\"wppm-post-wrap\"><div class=\"post-img\"><a href=\"https:\/\/www.ucse.edu.ar\/notiucse\/2026\/04\/01\/facultad-de-ciencias-de-la-salud-realizo-una-capacitacion-sobre-indicadores-ucse-para-fortalecer-la-gestion\/\" title=\"Facultad de Ciencias de la Salud realiz\u00f3 una capacitaci\u00f3n sobre&hellip;\"><img loading=\"lazy\" decoding=\"async\" width=\"300\" height=\"200\" src=\"https:\/\/www.ucse.edu.ar\/notiucse\/wp-content\/uploads\/2026\/04\/\ud83d\udfe0-En-el-marco-del-Plan-de-Desarrollo-de-la-Unidad-academica-se-llevo-a-cabo-un-taller-de-capaci.jpg\" class=\"attachment-300x200xtruextruex90x size-300x200xtruextruex90x wp-post-image\" alt=\"\" srcset=\"https:\/\/www.ucse.edu.ar\/notiucse\/wp-content\/uploads\/2026\/04\/\ud83d\udfe0-En-el-marco-del-Plan-de-Desarrollo-de-la-Unidad-academica-se-llevo-a-cabo-un-taller-de-capaci.jpg 1080w, https:\/\/www.ucse.edu.ar\/notiucse\/wp-content\/uploads\/2026\/04\/\ud83d\udfe0-En-el-marco-del-Plan-de-Desarrollo-de-la-Unidad-academica-se-llevo-a-cabo-un-taller-de-capaci-300x200.jpg 300w, https:\/\/www.ucse.edu.ar\/notiucse\/wp-content\/uploads\/2026\/04\/\ud83d\udfe0-En-el-marco-del-Plan-de-Desarrollo-de-la-Unidad-academica-se-llevo-a-cabo-un-taller-de-capaci-1024x682.jpg 1024w, https:\/\/www.ucse.edu.ar\/notiucse\/wp-content\/uploads\/2026\/04\/\ud83d\udfe0-En-el-marco-del-Plan-de-Desarrollo-de-la-Unidad-academica-se-llevo-a-cabo-un-taller-de-capaci-768x511.jpg 768w, https:\/\/www.ucse.edu.ar\/notiucse\/wp-content\/uploads\/2026\/04\/\ud83d\udfe0-En-el-marco-del-Plan-de-Desarrollo-de-la-Unidad-academica-se-llevo-a-cabo-un-taller-de-capaci-750x499.jpg 750w\" sizes=\"(max-width: 300px) 100vw, 300px\" \/><\/a><\/div><div class=\"entry-content\"><aside class=\"meta-row cat-row\"><div class=\"meta-col\"><ul class=\"post-cats\"><li><a class=\"cat-fcs\" href=\"https:\/\/www.ucse.edu.ar\/notiucse\/category\/facultades\/fcs\/\">Facultad de Ciencias de la Salud<\/a><\/li><\/ul><\/div><\/aside><h2 class=\"entry-title\"><a href=\"https:\/\/www.ucse.edu.ar\/notiucse\/2026\/04\/01\/facultad-de-ciencias-de-la-salud-realizo-una-capacitacion-sobre-indicadores-ucse-para-fortalecer-la-gestion\/\" title=\"Facultad de Ciencias de la Salud realiz\u00f3 una capacitaci\u00f3n sobre&hellip;\">Facultad de Ciencias de la Salud realiz\u00f3 una capacitaci\u00f3n sobre&hellip;<\/a><\/h2><\/div><aside class=\"meta-row row-3 schema-only\"><div class=\"meta-col\"><ul class=\"entry-meta\"><li class=\"post-time schema-only\"><time class=\"entry-date\" datetime=\"2026-04-01T09:35:00-03:00\">4 semanas ago<\/time><\/li><li class=\"post-author schema-only\"><span class=\"screen-reader-text\">Author <\/span><a href=\"https:\/\/www.ucse.edu.ar\/notiucse\/author\/iaramelina-yocca\/\">Iara Melina Yocca<\/a><\/li><\/ul><\/div><\/aside><\/div><\/article><article  class=\"wppm-el-post 12748 post-12748 post type-post status-publish format-standard has-post-thumbnail hentry category-fcs category-sede-sgo tag-convenio tag-fcs\"><div class=\"wppm-post-wrap\"><div class=\"post-img\"><a href=\"https:\/\/www.ucse.edu.ar\/notiucse\/2026\/03\/30\/facultad-de-ciencias-de-la-salud-firmo-un-convenio-con-el-centro-de-kinesiologia-da-physio\/\" title=\"Facultad de Ciencias de la Salud firm\u00f3 un convenio con&hellip;\"><img loading=\"lazy\" decoding=\"async\" width=\"300\" height=\"200\" src=\"https:\/\/www.ucse.edu.ar\/notiucse\/wp-content\/uploads\/2026\/03\/IMG_3560-scaled.jpg\" class=\"attachment-300x200xtruextruex90x size-300x200xtruextruex90x wp-post-image\" alt=\"\" \/><\/a><\/div><div class=\"entry-content\"><aside class=\"meta-row cat-row\"><div class=\"meta-col\"><ul class=\"post-cats\"><li><a class=\"cat-fcs\" href=\"https:\/\/www.ucse.edu.ar\/notiucse\/category\/facultades\/fcs\/\">Facultad de Ciencias de la Salud<\/a><\/li><\/ul><\/div><\/aside><h2 class=\"entry-title\"><a href=\"https:\/\/www.ucse.edu.ar\/notiucse\/2026\/03\/30\/facultad-de-ciencias-de-la-salud-firmo-un-convenio-con-el-centro-de-kinesiologia-da-physio\/\" title=\"Facultad de Ciencias de la Salud firm\u00f3 un convenio con&hellip;\">Facultad de Ciencias de la Salud firm\u00f3 un convenio con&hellip;<\/a><\/h2><\/div><aside class=\"meta-row row-3 schema-only\"><div class=\"meta-col\"><ul class=\"entry-meta\"><li class=\"post-time schema-only\"><time class=\"entry-date\" datetime=\"2026-03-30T15:15:35-03:00\">1 mes ago<\/time><\/li><li class=\"post-author schema-only\"><span class=\"screen-reader-text\">Author <\/span><a href=\"https:\/\/www.ucse.edu.ar\/notiucse\/author\/iaramelina-yocca\/\">Iara Melina Yocca<\/a><\/li><\/ul><\/div><\/aside><\/div><\/article><\/div>\t\t<\/div>\n\t\t\t\t<\/div>\n\t\t\t\t\t<\/div>\n\t\t<\/div>\n\t\t\t\t\t<\/div>\n\t\t<\/section>\n\t\t\t\t<section class=\"elementor-section elementor-top-section elementor-element elementor-element-d3d6ff7 elementor-section-stretched elementor-section-boxed elementor-section-height-default elementor-section-height-default\" data-id=\"d3d6ff7\" data-element_type=\"section\" data-settings=\"{&quot;stretch_section&quot;:&quot;section-stretched&quot;,&quot;background_background&quot;:&quot;classic&quot;}\">\n\t\t\t\t\t\t<div class=\"elementor-container elementor-column-gap-extended\">\n\t\t\t\t\t<div class=\"elementor-column elementor-col-100 elementor-top-column elementor-element elementor-element-a326d1d\" data-id=\"a326d1d\" data-element_type=\"column\">\n\t\t\t<div class=\"elementor-widget-wrap elementor-element-populated\">\n\t\t\t\t\t\t<section class=\"elementor-section elementor-inner-section elementor-element elementor-element-391be09 elementor-section-boxed elementor-section-height-default elementor-section-height-default\" data-id=\"391be09\" data-element_type=\"section\">\n\t\t\t\t\t\t<div class=\"elementor-container elementor-column-gap-default\">\n\t\t\t\t\t<div class=\"elementor-column elementor-col-100 elementor-inner-column elementor-element elementor-element-1875ed0\" data-id=\"1875ed0\" data-element_type=\"column\">\n\t\t\t<div class=\"elementor-widget-wrap elementor-element-populated\">\n\t\t\t\t\t\t<div class=\"elementor-element elementor-element-37918e2 elementor-widget elementor-widget-heading\" data-id=\"37918e2\" data-element_type=\"widget\" data-widget_type=\"heading.default\">\n\t\t\t\t<div class=\"elementor-widget-container\">\n\t\t\t<h2 class=\"elementor-heading-title elementor-size-default\">ANUNCIO<\/h2>\t\t<\/div>\n\t\t\t\t<\/div>\n\t\t\t\t\t<\/div>\n\t\t<\/div>\n\t\t\t\t\t<\/div>\n\t\t<\/section>\n\t\t\t\t<section class=\"elementor-section elementor-inner-section elementor-element elementor-element-5f5372e elementor-section-content-middle elementor-section-boxed elementor-section-height-default elementor-section-height-default\" data-id=\"5f5372e\" data-element_type=\"section\">\n\t\t\t\t\t\t<div class=\"elementor-container elementor-column-gap-no\">\n\t\t\t\t\t<div class=\"elementor-column elementor-col-50 elementor-inner-column elementor-element elementor-element-c1cb9d5\" data-id=\"c1cb9d5\" data-element_type=\"column\">\n\t\t\t<div class=\"elementor-widget-wrap elementor-element-populated\">\n\t\t\t\t\t\t<div class=\"elementor-element elementor-element-2824f36 elementor-invisible elementor-widget elementor-widget-image\" data-id=\"2824f36\" data-element_type=\"widget\" data-settings=\"{&quot;_animation&quot;:&quot;fadeIn&quot;,&quot;_animation_delay&quot;:100}\" data-widget_type=\"image.default\">\n\t\t\t\t<div class=\"elementor-widget-container\">\n\t\t\t\t\t\t\t\t\t\t\t\t\t<img decoding=\"async\" src=\"https:\/\/www.ucse.edu.ar\/notiucse\/wp-content\/uploads\/2024\/03\/Publicidad-ucse.png\" title=\"Publicidad ucse\" alt=\"Publicidad ucse\" loading=\"lazy\" \/>\t\t\t\t\t\t\t\t\t\t\t\t\t<\/div>\n\t\t\t\t<\/div>\n\t\t\t\t\t<\/div>\n\t\t<\/div>\n\t\t\t\t<div class=\"elementor-column elementor-col-50 elementor-inner-column elementor-element elementor-element-c68f725\" data-id=\"c68f725\" data-element_type=\"column\" data-settings=\"{&quot;background_background&quot;:&quot;classic&quot;}\">\n\t\t\t<div class=\"elementor-widget-wrap elementor-element-populated\">\n\t\t\t\t\t\t<div class=\"elementor-element elementor-element-83a3b6d elementor-widget elementor-widget-heading\" data-id=\"83a3b6d\" data-element_type=\"widget\" data-widget_type=\"heading.default\">\n\t\t\t\t<div class=\"elementor-widget-container\">\n\t\t\t<h2 class=\"elementor-heading-title elementor-size-default\">UCSE tu mejor opci\u00f3n<\/h2>\t\t<\/div>\n\t\t\t\t<\/div>\n\t\t\t\t<div class=\"elementor-element elementor-element-7033f46 elementor-widget elementor-widget-heading\" data-id=\"7033f46\" data-element_type=\"widget\" data-widget_type=\"heading.default\">\n\t\t\t\t<div class=\"elementor-widget-container\">\n\t\t\t<p class=\"elementor-heading-title elementor-size-default\">No te pongas l\u00edmites, tu futuro es ahora.\nEstudi\u00e1 en la Universidad Cat\u00f3lica de Santiago del Estero<\/p>\t\t<\/div>\n\t\t\t\t<\/div>\n\t\t\t\t<div class=\"elementor-element elementor-element-ea138e3 elementor-widget elementor-widget-button\" data-id=\"ea138e3\" data-element_type=\"widget\" data-widget_type=\"button.default\">\n\t\t\t\t<div class=\"elementor-widget-container\">\n\t\t\t\t\t<div class=\"elementor-button-wrapper\">\n\t\t\t<a class=\"elementor-button elementor-button-link elementor-size-sm\" href=\"http:\/\/www.ucse.edu.ar\/carreras\/\" target=\"_blank\">\n\t\t\t\t\t\t<span class=\"elementor-button-content-wrapper\">\n\t\t\t\t\t\t\t\t\t<span class=\"elementor-button-text\">Ver carreras<\/span>\n\t\t\t\t\t<\/span>\n\t\t\t\t\t<\/a>\n\t\t<\/div>\n\t\t\t\t<\/div>\n\t\t\t\t<\/div>\n\t\t\t\t\t<\/div>\n\t\t<\/div>\n\t\t\t\t\t<\/div>\n\t\t<\/section>\n\t\t\t\t\t<\/div>\n\t\t<\/div>\n\t\t\t\t\t<\/div>\n\t\t<\/section>\n\t\t\t\t<section class=\"elementor-section elementor-top-section elementor-element elementor-element-e8b0f54 elementor-section-boxed elementor-section-height-default elementor-section-height-default\" data-id=\"e8b0f54\" data-element_type=\"section\">\n\t\t\t\t\t\t<div class=\"elementor-container elementor-column-gap-extended\">\n\t\t\t\t\t<div class=\"elementor-column elementor-col-100 elementor-top-column elementor-element elementor-element-ec16b29\" data-id=\"ec16b29\" data-element_type=\"column\">\n\t\t\t<div class=\"elementor-widget-wrap elementor-element-populated\">\n\t\t\t\t\t\t<div class=\"elementor-element elementor-element-b2c4e96 wppm-animated post-effect-fadein elementor-invisible elementor-widget elementor-widget-wp-post-modules-el\" data-id=\"b2c4e96\" data-element_type=\"widget\" data-settings=\"{&quot;_animation&quot;:&quot;fadeIn&quot;}\" data-widget_type=\"wp-post-modules-el.default\">\n\t\t\t\t<div class=\"elementor-widget-container\">\n\t\t\t<div class=\"wppm wppm-grid s1 columns-4\"><article  class=\"wppm-el-post 12567 post-12567 post type-post status-publish format-standard has-post-thumbnail hentry category-fce category-sede-sgo tag-fce-2\"><div class=\"wppm-post-wrap\"><div class=\"post-img\"><a href=\"https:\/\/www.ucse.edu.ar\/notiucse\/2025\/12\/17\/el-equipo-de-la-tecnicatura-en-desarrollo-gastronomico-participo-en-la-asamblea-de-claustro-docente-2025\/\" title=\"El equipo de la Tecnicatura en Desarrollo Gastron\u00f3mico particip\u00f3 en&hellip;\"><img loading=\"lazy\" decoding=\"async\" width=\"300\" height=\"200\" src=\"https:\/\/www.ucse.edu.ar\/notiucse\/wp-content\/uploads\/2025\/12\/Captura-de-pantalla-2025-12-17-123012.png\" class=\"attachment-300x200xtruextruex90x size-300x200xtruextruex90x wp-post-image\" alt=\"\" \/><\/a><\/div><div class=\"entry-content\"><aside class=\"meta-row cat-row\"><div class=\"meta-col\"><ul class=\"post-cats\"><li><a class=\"cat-fce\" href=\"https:\/\/www.ucse.edu.ar\/notiucse\/category\/facultades\/fce\/\">Facultad de Ciencias Econ\u00f3micas<\/a><\/li><\/ul><\/div><\/aside><h2 class=\"entry-title\"><a href=\"https:\/\/www.ucse.edu.ar\/notiucse\/2025\/12\/17\/el-equipo-de-la-tecnicatura-en-desarrollo-gastronomico-participo-en-la-asamblea-de-claustro-docente-2025\/\" title=\"El equipo de la Tecnicatura en Desarrollo Gastron\u00f3mico particip\u00f3 en&hellip;\">El equipo de la Tecnicatura en Desarrollo Gastron\u00f3mico particip\u00f3 en&hellip;<\/a><\/h2><\/div><aside class=\"meta-row row-3 schema-only\"><div class=\"meta-col\"><ul class=\"entry-meta\"><li class=\"post-time schema-only\"><time class=\"entry-date\" datetime=\"2025-12-17T12:13:28-03:00\">4 meses ago<\/time><\/li><li class=\"post-author schema-only\"><span class=\"screen-reader-text\">Author <\/span><a href=\"https:\/\/www.ucse.edu.ar\/notiucse\/author\/iaramelina-yocca\/\">Iara Melina Yocca<\/a><\/li><\/ul><\/div><\/aside><\/div><\/article><article  class=\"wppm-el-post 12563 post-12563 post type-post status-publish format-standard has-post-thumbnail hentry category-fce category-sede-sgo tag-fce-2\"><div class=\"wppm-post-wrap\"><div class=\"post-img\"><a href=\"https:\/\/www.ucse.edu.ar\/notiucse\/2025\/12\/09\/se-realizo-el-taller-de-diseno-de-contenido-para-redes-sociales-para-el-desarrollo-turistico-sustentable-de-villa-silipica\/\" title=\"Se realiz\u00f3 el Taller de Dise\u00f1o de Contenido para Redes&hellip;\"><img loading=\"lazy\" decoding=\"async\" width=\"300\" height=\"200\" src=\"https:\/\/www.ucse.edu.ar\/notiucse\/wp-content\/uploads\/2025\/12\/SnapInsta.to_590921784_18340582813225929_4268764459903406079_n.jpg\" class=\"attachment-300x200xtruextruex90x size-300x200xtruextruex90x wp-post-image\" alt=\"\" \/><\/a><\/div><div class=\"entry-content\"><aside class=\"meta-row cat-row\"><div class=\"meta-col\"><ul class=\"post-cats\"><li><a class=\"cat-fce\" href=\"https:\/\/www.ucse.edu.ar\/notiucse\/category\/facultades\/fce\/\">Facultad de Ciencias Econ\u00f3micas<\/a><\/li><\/ul><\/div><\/aside><h2 class=\"entry-title\"><a href=\"https:\/\/www.ucse.edu.ar\/notiucse\/2025\/12\/09\/se-realizo-el-taller-de-diseno-de-contenido-para-redes-sociales-para-el-desarrollo-turistico-sustentable-de-villa-silipica\/\" title=\"Se realiz\u00f3 el Taller de Dise\u00f1o de Contenido para Redes&hellip;\">Se realiz\u00f3 el Taller de Dise\u00f1o de Contenido para Redes&hellip;<\/a><\/h2><\/div><aside class=\"meta-row row-3 schema-only\"><div class=\"meta-col\"><ul class=\"entry-meta\"><li class=\"post-time schema-only\"><time class=\"entry-date\" datetime=\"2025-12-09T11:33:21-03:00\">5 meses ago<\/time><\/li><li class=\"post-author schema-only\"><span class=\"screen-reader-text\">Author <\/span><a href=\"https:\/\/www.ucse.edu.ar\/notiucse\/author\/iaramelina-yocca\/\">Iara Melina Yocca<\/a><\/li><\/ul><\/div><\/aside><\/div><\/article><article  class=\"wppm-el-post 12544 post-12544 post type-post status-publish format-standard has-post-thumbnail hentry category-fce category-sede-sgo tag-fce-2\"><div class=\"wppm-post-wrap\"><div class=\"post-img\"><a href=\"https:\/\/www.ucse.edu.ar\/notiucse\/2025\/12\/08\/se-realizo-un-taller-de-induccion-financiera-para-aspirantes-de-la-facultad-de-ciencias-economicas\/\" title=\"Se realiz\u00f3 un Taller de Inducci\u00f3n Financiera para aspirantes de&hellip;\"><img loading=\"lazy\" decoding=\"async\" width=\"300\" height=\"200\" src=\"https:\/\/www.ucse.edu.ar\/notiucse\/wp-content\/uploads\/2025\/12\/\u2728-TALLER-DE-INDUCCION-FINANCIERA-\u2728Promoviendo-la-induccion-financiera-se-llevo-a-cabo-un-taller.jpg\" class=\"attachment-300x200xtruextruex90x size-300x200xtruextruex90x wp-post-image\" alt=\"\" \/><\/a><\/div><div class=\"entry-content\"><aside class=\"meta-row cat-row\"><div class=\"meta-col\"><ul class=\"post-cats\"><li><a class=\"cat-fce\" href=\"https:\/\/www.ucse.edu.ar\/notiucse\/category\/facultades\/fce\/\">Facultad de Ciencias Econ\u00f3micas<\/a><\/li><\/ul><\/div><\/aside><h2 class=\"entry-title\"><a href=\"https:\/\/www.ucse.edu.ar\/notiucse\/2025\/12\/08\/se-realizo-un-taller-de-induccion-financiera-para-aspirantes-de-la-facultad-de-ciencias-economicas\/\" title=\"Se realiz\u00f3 un Taller de Inducci\u00f3n Financiera para aspirantes de&hellip;\">Se realiz\u00f3 un Taller de Inducci\u00f3n Financiera para aspirantes de&hellip;<\/a><\/h2><\/div><aside class=\"meta-row row-3 schema-only\"><div class=\"meta-col\"><ul class=\"entry-meta\"><li class=\"post-time schema-only\"><time class=\"entry-date\" datetime=\"2025-12-08T08:47:00-03:00\">5 meses ago<\/time><\/li><li class=\"post-author schema-only\"><span class=\"screen-reader-text\">Author <\/span><a href=\"https:\/\/www.ucse.edu.ar\/notiucse\/author\/iaramelina-yocca\/\">Iara Melina Yocca<\/a><\/li><\/ul><\/div><\/aside><\/div><\/article><article  class=\"wppm-el-post 12548 post-12548 post type-post status-publish format-standard has-post-thumbnail hentry category-fce category-fcpsyj category-sede-sgo tag-fce-2 tag-fcpsyj-2\"><div class=\"wppm-post-wrap\"><div class=\"post-img\"><a href=\"https:\/\/www.ucse.edu.ar\/notiucse\/2025\/12\/03\/ucse-firmo-un-protocolo-especifico-con-el-isspse-para-promover-la-capacitacion-profesional\/\" title=\"UCSE firm\u00f3 un Protocolo Espec\u00edfico con el ISSPSE para promover&hellip;\"><img loading=\"lazy\" decoding=\"async\" width=\"300\" height=\"200\" src=\"https:\/\/www.ucse.edu.ar\/notiucse\/wp-content\/uploads\/2025\/12\/\ud83d\udd34\ud83d\udfe2-Firma-de-Protocolo-Especifico-con-el-Instituto-de-Seguridad-Social-para-Profesionales-de-Sa.jpg\" class=\"attachment-300x200xtruextruex90x size-300x200xtruextruex90x wp-post-image\" alt=\"\" \/><\/a><\/div><div class=\"entry-content\"><aside class=\"meta-row cat-row\"><div class=\"meta-col\"><ul class=\"post-cats\"><li><a class=\"cat-fce\" href=\"https:\/\/www.ucse.edu.ar\/notiucse\/category\/facultades\/fce\/\">Facultad de Ciencias Econ\u00f3micas<\/a><\/li><\/ul><\/div><\/aside><h2 class=\"entry-title\"><a href=\"https:\/\/www.ucse.edu.ar\/notiucse\/2025\/12\/03\/ucse-firmo-un-protocolo-especifico-con-el-isspse-para-promover-la-capacitacion-profesional\/\" title=\"UCSE firm\u00f3 un Protocolo Espec\u00edfico con el ISSPSE para promover&hellip;\">UCSE firm\u00f3 un Protocolo Espec\u00edfico con el ISSPSE para promover&hellip;<\/a><\/h2><\/div><aside class=\"meta-row row-3 schema-only\"><div class=\"meta-col\"><ul class=\"entry-meta\"><li class=\"post-time schema-only\"><time class=\"entry-date\" datetime=\"2025-12-03T12:57:00-03:00\">5 meses ago<\/time><\/li><li class=\"post-author schema-only\"><span class=\"screen-reader-text\">Author <\/span><a href=\"https:\/\/www.ucse.edu.ar\/notiucse\/author\/iaramelina-yocca\/\">Iara Melina Yocca<\/a><\/li><\/ul><\/div><\/aside><\/div><\/article><\/div>\t\t<\/div>\n\t\t\t\t<\/div>\n\t\t\t\t\t<\/div>\n\t\t<\/div>\n\t\t\t\t\t<\/div>\n\t\t<\/section>\n\t\t\t\t<section class=\"elementor-section elementor-top-section elementor-element elementor-element-d1a12b2 elementor-section-boxed elementor-section-height-default elementor-section-height-default\" data-id=\"d1a12b2\" data-element_type=\"section\">\n\t\t\t\t\t\t<div class=\"elementor-container elementor-column-gap-extended\">\n\t\t\t\t\t<div class=\"elementor-column elementor-col-100 elementor-top-column elementor-element elementor-element-3734335\" data-id=\"3734335\" data-element_type=\"column\">\n\t\t\t<div class=\"elementor-widget-wrap elementor-element-populated\">\n\t\t\t\t\t\t<div class=\"elementor-element elementor-element-fea1263 wppm-animated post-effect-fadein elementor-invisible elementor-widget elementor-widget-wp-post-modules-el\" data-id=\"fea1263\" data-element_type=\"widget\" data-settings=\"{&quot;_animation&quot;:&quot;fadeIn&quot;}\" data-widget_type=\"wp-post-modules-el.default\">\n\t\t\t\t<div class=\"elementor-widget-container\">\n\t\t\t<div class=\"wppm wppm-grid s1 columns-4\"><article  class=\"wppm-el-post 12939 post-12939 post type-post status-publish format-standard has-post-thumbnail hentry category-fcpid category-sede-sgo tag-comunicacionsocial tag-fcid\"><div class=\"wppm-post-wrap\"><div class=\"post-img\"><a href=\"https:\/\/www.ucse.edu.ar\/notiucse\/2026\/04\/28\/acuerdo-entre-ucse-y-cup-establece-nuevas-condiciones-para-continuar-estudios-en-comunicacion\/\" title=\"Acuerdo entre UCSE y CUP establece nuevas condiciones para continuar&hellip;\"><img loading=\"lazy\" decoding=\"async\" width=\"300\" height=\"200\" src=\"https:\/\/www.ucse.edu.ar\/notiucse\/wp-content\/uploads\/2026\/04\/Captura-de-pantalla-2026-04-28-092631.png\" class=\"attachment-300x200xtruextruex90x size-300x200xtruextruex90x wp-post-image\" alt=\"\" \/><\/a><\/div><div class=\"entry-content\"><aside class=\"meta-row cat-row\"><div class=\"meta-col\"><ul class=\"post-cats\"><li><a class=\"cat-fcpid\" href=\"https:\/\/www.ucse.edu.ar\/notiucse\/category\/facultades\/fcpid\/\">Facultad de Ciencias para la Innovaci\u00f3n y el Desarrollo<\/a><\/li><\/ul><\/div><\/aside><h2 class=\"entry-title\"><a href=\"https:\/\/www.ucse.edu.ar\/notiucse\/2026\/04\/28\/acuerdo-entre-ucse-y-cup-establece-nuevas-condiciones-para-continuar-estudios-en-comunicacion\/\" title=\"Acuerdo entre UCSE y CUP establece nuevas condiciones para continuar&hellip;\">Acuerdo entre UCSE y CUP establece nuevas condiciones para continuar&hellip;<\/a><\/h2><\/div><aside class=\"meta-row row-3 schema-only\"><div class=\"meta-col\"><ul class=\"entry-meta\"><li class=\"post-time schema-only\"><time class=\"entry-date\" datetime=\"2026-04-28T09:25:28-03:00\">3 d\u00edas ago<\/time><\/li><li class=\"post-author schema-only\"><span class=\"screen-reader-text\">Author <\/span><a href=\"https:\/\/www.ucse.edu.ar\/notiucse\/author\/iaramelina-yocca\/\">Iara Melina Yocca<\/a><\/li><\/ul><\/div><\/aside><\/div><\/article><article  class=\"wppm-el-post 12936 post-12936 post type-post status-publish format-standard has-post-thumbnail hentry category-fcpid category-sede-sgo tag-fcid\"><div class=\"wppm-post-wrap\"><div class=\"post-img\"><a href=\"https:\/\/www.ucse.edu.ar\/notiucse\/2026\/04\/28\/referentes-de-la-fcid-participaron-en-instancias-de-consulta-de-coneau-por-la-acreditacion-de-carreras\/\" title=\"Referentes de la FCID participaron en instancias de consulta de&hellip;\"><img loading=\"lazy\" decoding=\"async\" width=\"300\" height=\"200\" src=\"https:\/\/www.ucse.edu.ar\/notiucse\/wp-content\/uploads\/2026\/04\/41dd54a8-66bd-4bc1-a1ff-a25dfec18d01.png\" class=\"attachment-300x200xtruextruex90x size-300x200xtruextruex90x wp-post-image\" alt=\"\" \/><\/a><\/div><div class=\"entry-content\"><aside class=\"meta-row cat-row\"><div class=\"meta-col\"><ul class=\"post-cats\"><li><a class=\"cat-fcpid\" href=\"https:\/\/www.ucse.edu.ar\/notiucse\/category\/facultades\/fcpid\/\">Facultad de Ciencias para la Innovaci\u00f3n y el Desarrollo<\/a><\/li><\/ul><\/div><\/aside><h2 class=\"entry-title\"><a href=\"https:\/\/www.ucse.edu.ar\/notiucse\/2026\/04\/28\/referentes-de-la-fcid-participaron-en-instancias-de-consulta-de-coneau-por-la-acreditacion-de-carreras\/\" title=\"Referentes de la FCID participaron en instancias de consulta de&hellip;\">Referentes de la FCID participaron en instancias de consulta de&hellip;<\/a><\/h2><\/div><aside class=\"meta-row row-3 schema-only\"><div class=\"meta-col\"><ul class=\"entry-meta\"><li class=\"post-time schema-only\"><time class=\"entry-date\" datetime=\"2026-04-28T08:59:58-03:00\">3 d\u00edas ago<\/time><\/li><li class=\"post-author schema-only\"><span class=\"screen-reader-text\">Author <\/span><a href=\"https:\/\/www.ucse.edu.ar\/notiucse\/author\/iaramelina-yocca\/\">Iara Melina Yocca<\/a><\/li><\/ul><\/div><\/aside><\/div><\/article><article  class=\"wppm-el-post 12909 post-12909 post type-post status-publish format-standard has-post-thumbnail hentry category-fcpid category-sede-sgo tag-alumnosucse tag-fcid tag-taller\"><div class=\"wppm-post-wrap\"><div class=\"post-img\"><a href=\"https:\/\/www.ucse.edu.ar\/notiucse\/2026\/04\/22\/higiene-y-seguridad-concientizan-sobre-los-riesgos-electricos-en-el-ambito-laboral\/\" title=\"Higiene y Seguridad: concientizan sobre los riesgos el\u00e9ctricos en el&hellip;\"><img loading=\"lazy\" decoding=\"async\" width=\"300\" height=\"200\" src=\"https:\/\/www.ucse.edu.ar\/notiucse\/wp-content\/uploads\/2026\/04\/WhatsApp-Image-2026-04-22-at-19.09.42.jpeg\" class=\"attachment-300x200xtruextruex90x size-300x200xtruextruex90x wp-post-image\" alt=\"\" \/><\/a><\/div><div class=\"entry-content\"><aside class=\"meta-row cat-row\"><div class=\"meta-col\"><ul class=\"post-cats\"><li><a class=\"cat-fcpid\" href=\"https:\/\/www.ucse.edu.ar\/notiucse\/category\/facultades\/fcpid\/\">Facultad de Ciencias para la Innovaci\u00f3n y el Desarrollo<\/a><\/li><\/ul><\/div><\/aside><h2 class=\"entry-title\"><a href=\"https:\/\/www.ucse.edu.ar\/notiucse\/2026\/04\/22\/higiene-y-seguridad-concientizan-sobre-los-riesgos-electricos-en-el-ambito-laboral\/\" title=\"Higiene y Seguridad: concientizan sobre los riesgos el\u00e9ctricos en el&hellip;\">Higiene y Seguridad: concientizan sobre los riesgos el\u00e9ctricos en el&hellip;<\/a><\/h2><\/div><aside class=\"meta-row row-3 schema-only\"><div class=\"meta-col\"><ul class=\"entry-meta\"><li class=\"post-time schema-only\"><time class=\"entry-date\" datetime=\"2026-04-22T19:09:18-03:00\">1 semana ago<\/time><\/li><li class=\"post-author schema-only\"><span class=\"screen-reader-text\">Author <\/span><a href=\"https:\/\/www.ucse.edu.ar\/notiucse\/author\/sebastianrafael-lopez\/\">Sebasti\u00e1n Rafael L\u00f3pez<\/a><\/li><\/ul><\/div><\/aside><\/div><\/article><article  class=\"wppm-el-post 12797 post-12797 post type-post status-publish format-standard has-post-thumbnail hentry category-fcpid category-sede-sgo tag-convenio\"><div class=\"wppm-post-wrap\"><div class=\"post-img\"><a href=\"https:\/\/www.ucse.edu.ar\/notiucse\/2026\/04\/20\/se-firmo-un-acuerdo-internacional-para-el-desarrollo-de-tecnologia-en-neurociencias-e-inteligencia-artificial\/\" title=\"La UCSE firm\u00f3 un acuerdo internacional para el desarrollo de&hellip;\"><img loading=\"lazy\" decoding=\"async\" width=\"300\" height=\"200\" src=\"https:\/\/www.ucse.edu.ar\/notiucse\/wp-content\/uploads\/2026\/04\/IMG_3961-scaled.jpg\" class=\"attachment-300x200xtruextruex90x size-300x200xtruextruex90x wp-post-image\" alt=\"\" srcset=\"https:\/\/www.ucse.edu.ar\/notiucse\/wp-content\/uploads\/2026\/04\/IMG_3961-scaled.jpg 2560w, https:\/\/www.ucse.edu.ar\/notiucse\/wp-content\/uploads\/2026\/04\/IMG_3961-300x200.jpg 300w, https:\/\/www.ucse.edu.ar\/notiucse\/wp-content\/uploads\/2026\/04\/IMG_3961-1024x683.jpg 1024w, https:\/\/www.ucse.edu.ar\/notiucse\/wp-content\/uploads\/2026\/04\/IMG_3961-768x512.jpg 768w, https:\/\/www.ucse.edu.ar\/notiucse\/wp-content\/uploads\/2026\/04\/IMG_3961-1536x1024.jpg 1536w, https:\/\/www.ucse.edu.ar\/notiucse\/wp-content\/uploads\/2026\/04\/IMG_3961-2048x1365.jpg 2048w, https:\/\/www.ucse.edu.ar\/notiucse\/wp-content\/uploads\/2026\/04\/IMG_3961-750x500.jpg 750w, https:\/\/www.ucse.edu.ar\/notiucse\/wp-content\/uploads\/2026\/04\/IMG_3961-1140x760.jpg 1140w\" sizes=\"(max-width: 300px) 100vw, 300px\" \/><\/a><\/div><div class=\"entry-content\"><aside class=\"meta-row cat-row\"><div class=\"meta-col\"><ul class=\"post-cats\"><li><a class=\"cat-fcpid\" href=\"https:\/\/www.ucse.edu.ar\/notiucse\/category\/facultades\/fcpid\/\">Facultad de Ciencias para la Innovaci\u00f3n y el Desarrollo<\/a><\/li><\/ul><\/div><\/aside><h2 class=\"entry-title\"><a href=\"https:\/\/www.ucse.edu.ar\/notiucse\/2026\/04\/20\/se-firmo-un-acuerdo-internacional-para-el-desarrollo-de-tecnologia-en-neurociencias-e-inteligencia-artificial\/\" title=\"La UCSE firm\u00f3 un acuerdo internacional para el desarrollo de&hellip;\">La UCSE firm\u00f3 un acuerdo internacional para el desarrollo de&hellip;<\/a><\/h2><\/div><aside class=\"meta-row row-3 schema-only\"><div class=\"meta-col\"><ul class=\"entry-meta\"><li class=\"post-time schema-only\"><time class=\"entry-date\" datetime=\"2026-04-20T15:37:10-03:00\">2 semanas ago<\/time><\/li><li class=\"post-author schema-only\"><span class=\"screen-reader-text\">Author <\/span><a href=\"https:\/\/www.ucse.edu.ar\/notiucse\/author\/iaramelina-yocca\/\">Iara Melina Yocca<\/a><\/li><\/ul><\/div><\/aside><\/div><\/article><\/div>\t\t<\/div>\n\t\t\t\t<\/div>\n\t\t\t\t\t<\/div>\n\t\t<\/div>\n\t\t\t\t\t<\/div>\n\t\t<\/section>\n\t\t\t\t<section class=\"elementor-section elementor-top-section elementor-element elementor-element-1276e28 elementor-section-stretched elementor-section-boxed elementor-section-height-default elementor-section-height-default\" data-id=\"1276e28\" data-element_type=\"section\" data-settings=\"{&quot;stretch_section&quot;:&quot;section-stretched&quot;,&quot;background_background&quot;:&quot;classic&quot;}\">\n\t\t\t\t\t\t<div class=\"elementor-container elementor-column-gap-extended\">\n\t\t\t\t\t<div class=\"elementor-column elementor-col-100 elementor-top-column elementor-element elementor-element-3aabe2c\" data-id=\"3aabe2c\" data-element_type=\"column\">\n\t\t\t<div class=\"elementor-widget-wrap elementor-element-populated\">\n\t\t\t\t\t\t<section class=\"elementor-section elementor-inner-section elementor-element elementor-element-9486097 elementor-section-boxed elementor-section-height-default elementor-section-height-default\" data-id=\"9486097\" data-element_type=\"section\">\n\t\t\t\t\t\t<div class=\"elementor-container elementor-column-gap-default\">\n\t\t\t\t\t<div class=\"elementor-column elementor-col-100 elementor-inner-column elementor-element elementor-element-a2af801\" data-id=\"a2af801\" data-element_type=\"column\">\n\t\t\t<div class=\"elementor-widget-wrap elementor-element-populated\">\n\t\t\t\t\t\t<div class=\"elementor-element elementor-element-f890376 elementor-widget elementor-widget-heading\" data-id=\"f890376\" data-element_type=\"widget\" data-widget_type=\"heading.default\">\n\t\t\t\t<div class=\"elementor-widget-container\">\n\t\t\t<h2 class=\"elementor-heading-title elementor-size-default\">Art\u00edculos Opini\u00f3n <\/h2>\t\t<\/div>\n\t\t\t\t<\/div>\n\t\t\t\t\t<\/div>\n\t\t<\/div>\n\t\t\t\t\t<\/div>\n\t\t<\/section>\n\t\t\t\t<section class=\"elementor-section elementor-inner-section elementor-element elementor-element-0883642 elementor-section-boxed elementor-section-height-default elementor-section-height-default\" data-id=\"0883642\" data-element_type=\"section\">\n\t\t\t\t\t\t<div class=\"elementor-container elementor-column-gap-extended\">\n\t\t\t\t\t<div class=\"elementor-column elementor-col-100 elementor-inner-column elementor-element elementor-element-65d2f0c\" data-id=\"65d2f0c\" data-element_type=\"column\">\n\t\t\t<div class=\"elementor-widget-wrap elementor-element-populated\">\n\t\t\t\t\t\t<div class=\"elementor-element elementor-element-9539ddf wppm-animated post-effect-fadein elementor-invisible elementor-widget elementor-widget-wp-post-modules-el\" data-id=\"9539ddf\" data-element_type=\"widget\" data-settings=\"{&quot;slide_margin&quot;:{&quot;unit&quot;:&quot;px&quot;,&quot;size&quot;:30,&quot;sizes&quot;:[]},&quot;_animation&quot;:&quot;fadeIn&quot;,&quot;slide_margin_tablet&quot;:{&quot;unit&quot;:&quot;px&quot;,&quot;size&quot;:30,&quot;sizes&quot;:[]},&quot;items&quot;:{&quot;unit&quot;:&quot;px&quot;,&quot;size&quot;:3,&quot;sizes&quot;:[]},&quot;items_tablet&quot;:{&quot;unit&quot;:&quot;px&quot;,&quot;size&quot;:2,&quot;sizes&quot;:[]},&quot;items_mobile&quot;:{&quot;unit&quot;:&quot;px&quot;,&quot;size&quot;:1,&quot;sizes&quot;:[]},&quot;slide_margin_mobile&quot;:{&quot;unit&quot;:&quot;px&quot;,&quot;size&quot;:0,&quot;sizes&quot;:[]}}\" data-widget_type=\"wp-post-modules-el.default\">\n\t\t\t\t<div class=\"elementor-widget-container\">\n\t\t\tNo se han encontraron art\u00edculos.\t\t<\/div>\n\t\t\t\t<\/div>\n\t\t\t\t\t<\/div>\n\t\t<\/div>\n\t\t\t\t\t<\/div>\n\t\t<\/section>\n\t\t\t\t\t<\/div>\n\t\t<\/div>\n\t\t\t\t\t<\/div>\n\t\t<\/section>\n\t\t<div class=\"elementor-element elementor-element-7f3cf25 e-flex e-con-boxed e-con e-parent\" data-id=\"7f3cf25\" data-element_type=\"container\" data-settings=\"{&quot;background_background&quot;:&quot;classic&quot;}\">\n\t\t\t\t\t<div class=\"e-con-inner\">\n\t\t\t\t<div class=\"elementor-element elementor-element-2f707e3 elementor-widget elementor-widget-heading\" data-id=\"2f707e3\" data-element_type=\"widget\" data-widget_type=\"heading.default\">\n\t\t\t\t<div class=\"elementor-widget-container\">\n\t\t\t<h2 class=\"elementor-heading-title elementor-size-default\"> Fotos y v\u00eddeos<\/h2>\t\t<\/div>\n\t\t\t\t<\/div>\n\t\t\t\t\t<\/div>\n\t\t\t\t<\/div>\n\t\t<div class=\"elementor-element elementor-element-c5ca84e e-flex e-con-boxed e-con e-parent\" data-id=\"c5ca84e\" data-element_type=\"container\" data-settings=\"{&quot;background_background&quot;:&quot;classic&quot;}\">\n\t\t\t\t\t<div class=\"e-con-inner\">\n\t\t<div class=\"elementor-element elementor-element-74dab2e e-con-full e-flex e-con e-child\" data-id=\"74dab2e\" data-element_type=\"container\">\n\t\t\t\t<div class=\"elementor-element elementor-element-4a7ea95 elementor-widget elementor-widget-video\" data-id=\"4a7ea95\" data-element_type=\"widget\" data-settings=\"{&quot;youtube_url&quot;:&quot;https:\\\/\\\/www.youtube.com\\\/watch?v=aE0BDxvyazo&quot;,&quot;video_type&quot;:&quot;youtube&quot;,&quot;controls&quot;:&quot;yes&quot;}\" data-widget_type=\"video.default\">\n\t\t\t\t<div class=\"elementor-widget-container\">\n\t\t\t\t\t<div class=\"elementor-wrapper elementor-open-inline\">\n\t\t\t<div class=\"elementor-video\"><\/div>\t\t<\/div>\n\t\t\t\t<\/div>\n\t\t\t\t<\/div>\n\t\t\t\t<\/div>\n\t\t<div class=\"elementor-element elementor-element-179e1d4 e-con-full e-flex e-con e-child\" data-id=\"179e1d4\" data-element_type=\"container\">\n\t\t\t\t<\/div>\n\t\t\t\t\t<\/div>\n\t\t\t\t<\/div>\n\t\t\t\t<\/div>\n\t\t","protected":false},"excerpt":{"rendered":"<p>Sede Jujuy Curso Online de Portugu\u00e9s Inicial: m\u00e1s de 90 personas ya se forman en la Sede Jujuy Con casi 100 inscriptos, el pasado mi\u00e9rcoles 7 de mayo comenz\u00f3 en la sede Jujuy de la Universidad Cat\u00f3lica de Santiago del Estero un curso virtual sincr\u00f3nico de portugu\u00e9s b\u00e1sico,&hellip; mayo 12, 2025 Author Iara Melina Yocca [&hellip;]<\/p>\n","protected":false},"author":1,"featured_media":0,"parent":0,"menu_order":0,"comment_status":"closed","ping_status":"closed","template":"elementor_header_footer","meta":{"_exactmetrics_skip_tracking":false,"_exactmetrics_sitenote_active":false,"_exactmetrics_sitenote_note":"","_exactmetrics_sitenote_category":0,"footnotes":""},"_links":{"self":[{"href":"https:\/\/www.ucse.edu.ar\/notiucse\/wp-json\/wp\/v2\/pages\/9269"}],"collection":[{"href":"https:\/\/www.ucse.edu.ar\/notiucse\/wp-json\/wp\/v2\/pages"}],"about":[{"href":"https:\/\/www.ucse.edu.ar\/notiucse\/wp-json\/wp\/v2\/types\/page"}],"author":[{"embeddable":true,"href":"https:\/\/www.ucse.edu.ar\/notiucse\/wp-json\/wp\/v2\/users\/1"}],"replies":[{"embeddable":true,"href":"https:\/\/www.ucse.edu.ar\/notiucse\/wp-json\/wp\/v2\/comments?post=9269"}],"version-history":[{"count":256,"href":"https:\/\/www.ucse.edu.ar\/notiucse\/wp-json\/wp\/v2\/pages\/9269\/revisions"}],"predecessor-version":[{"id":11735,"href":"https:\/\/www.ucse.edu.ar\/notiucse\/wp-json\/wp\/v2\/pages\/9269\/revisions\/11735"}],"wp:attachment":[{"href":"https:\/\/www.ucse.edu.ar\/notiucse\/wp-json\/wp\/v2\/media?parent=9269"}],"curies":[{"name":"wp","href":"https:\/\/api.w.org\/{rel}","templated":true}]}}